{"id":38066,"date":"2019-11-12T06:26:47","date_gmt":"2019-11-12T05:26:47","guid":{"rendered":"http:\/\/www.fondazionecsc.it\/editoria\/"},"modified":"2025-05-20T15:19:42","modified_gmt":"2025-05-20T13:19:42","slug":"publishing","status":"publish","type":"page","link":"https:\/\/www.fondazionecsc.it\/en\/publishing\/","title":{"rendered":"Publishing"},"content":{"rendered":"\r\n            <script>\r\n                jQuery(function() {\r\n                });\r\n            <\/script>\r\n        <section class=\"c2i-titolo\">\r\n            <div class=\"container\">\r\n                <div class=\"row\">\r\n                    <div class=\"col-12\">\r\n                        <div class=\"c2i-titolo-container\">\r\n        <div class=\"c2i-titolo-title\"><h1>Publishing<\/h1><\/div><div class=\"c2i-titolo-txt\"><p>Centro Sperimentale di Cinematografia is one of the most important Italian publishers specialized in cinema publications. The first activities date back to 1937, the year of foundation of the prestigious film studio magazine\u00a0\u00abBianco e Nero\u00bb.<\/p>\n<\/div>\r\n                        <\/div>\r\n                    <\/div>\r\n                <\/div>\r\n            <\/div>\r\n        <\/section>\n\n\n    <script>\n        jQuery(function() {\n            var newsSwiper = new Swiper (\".swiper-container-pubblicazioni-44\", {\n                slidesPerView: 2,\n                grabCursor: true,\n                spaceBetween: 30,\n                navigation: {\n                    nextEl: \".swiper-button-next-44\",\n                    prevEl: \".swiper-button-prev-44\",\n                },\n                pagination: {\n                    el: \".swiper-pagination-44\",\n                    clickable: true,\n                },\n                breakpoints: {\n                    900: {\n                        slidesPerView: 3,\n                        slidesPerGroup: 3,\n                        spaceBetween: 30,\n                    },\n                    1200: {\n                        slidesPerView: 6,\n                        slidesPerGroup: 6,\n                        spaceBetween: 30,\n                    },\n                }\n            })\n        });\n    <\/script>\n<section class=\"c2i-news-slider c2i-news-slider-gray\">\n        <div class=\"container\">\n            <div class=\"row\">\n                <div class=\"col-12\">\n                    <div class=\"c2i-news-slider-header\">Latest publications <span class=\"c2i-news-slider-header-link\"><span class=\"c2i-news-slider-header-spacer\">|<\/span> <a href=\"\/en\/catalogo-editoriale\/\">Full catalog<\/a><\/span>\n                <\/div>\n                <div class=\"col-12 no-padding\">\t\n                    <div class=\"swiper-container swiper-container-pubblicazioni-44\">\n                        <div class=\"swiper-wrapper\">\n\n            <div class=\"swiper-slide\">\n                <div class=\"c2i-news-slider-item\">\n                    <!--<div class=\"c2i-news-slider-img-container\" style=\"background:url('https:\/\/www.fondazionecsc.it\/wp-content\/uploads\/2026\/04\/piatto-cop-Tosini.jpg') no-repeat center center; background-size:cover;\">\n                        <a href=\"https:\/\/www.fondazionecsc.it\/en\/pubblicazione\/il-patrimonio-audiovisivo-tecnologie-e-metodologie-di-preservazione-restauro-e-digitalizzazione-cinematografica\/\"><img decoding=\"async\" class=\"c2i-news-slider-img\" src=\"https:\/\/www.fondazionecsc.it\/wp-content\/themes\/understrap-child\/img\/c2i-sidebar-spacer.png\" alt=\"\"><\/a>\n                        <div class=\"c2i-news-slider-categoria\"><a href=\"\"><\/a><\/div>\n                    <\/div>-->\n                    <div class=\"c2i-pubblicazioni-img-container\">\n                        <a href=\"https:\/\/www.fondazionecsc.it\/en\/pubblicazione\/il-patrimonio-audiovisivo-tecnologie-e-metodologie-di-preservazione-restauro-e-digitalizzazione-cinematografica\/\"><img decoding=\"async\" class=\"c2i-prodotti-slider-img\" src=\"https:\/\/www.fondazionecsc.it\/wp-content\/uploads\/2026\/04\/piatto-cop-Tosini.jpg\" alt=\"\"><\/a>\n                    <\/div>\n                    <div class=\"c2i-news-slider-title mobile-hide\"><a href=\"https:\/\/www.fondazionecsc.it\/en\/pubblicazione\/il-patrimonio-audiovisivo-tecnologie-e-metodologie-di-preservazione-restauro-e-digitalizzazione-cinematografica\/\">Il patrimonio audiovisivo. Tecnologie e metodologie di preservazione, restauro e digitalizzazione cinematografica<\/a><\/div>\n                    <div class=\"c2i-news-slider-title desktop-hide\"><a href=\"https:\/\/www.fondazionecsc.it\/en\/pubblicazione\/il-patrimonio-audiovisivo-tecnologie-e-metodologie-di-preservazione-restauro-e-digitalizzazione-cinematografica\/\">Il patrimonio audiovisivo. Tecnologie e metodologie di preservazione, restauro e digitalizzazione ci&#8230;<\/a><\/div>\n                    <div class=\"c2i-news-slider-txt\">Preservare le opere d\u2019arte \u00e8 uno dei compiti pi\u00f9 importanti per la cultura, ci\u00f2 che resta del passato ci guida al nostro futuro. Se il cinema in &#8230;<\/div>\n                <\/div>\n            <\/div>\n        \n            <div class=\"swiper-slide\">\n                <div class=\"c2i-news-slider-item\">\n                    <!--<div class=\"c2i-news-slider-img-container\" style=\"background:url('https:\/\/www.fondazionecsc.it\/wp-content\/uploads\/2023\/12\/citti.jpg') no-repeat center center; background-size:cover;\">\n                        <a href=\"https:\/\/www.fondazionecsc.it\/en\/pubblicazione\/sergio-citti-la-poesia-scellerata-del-cinema\/\"><img decoding=\"async\" class=\"c2i-news-slider-img\" src=\"https:\/\/www.fondazionecsc.it\/wp-content\/themes\/understrap-child\/img\/c2i-sidebar-spacer.png\" alt=\"\"><\/a>\n                        <div class=\"c2i-news-slider-categoria\"><a href=\"\"><\/a><\/div>\n                    <\/div>-->\n                    <div class=\"c2i-pubblicazioni-img-container\">\n                        <a href=\"https:\/\/www.fondazionecsc.it\/en\/pubblicazione\/sergio-citti-la-poesia-scellerata-del-cinema\/\"><img decoding=\"async\" class=\"c2i-prodotti-slider-img\" src=\"https:\/\/www.fondazionecsc.it\/wp-content\/uploads\/2023\/12\/citti.jpg\" alt=\"\"><\/a>\n                    <\/div>\n                    <div class=\"c2i-news-slider-title mobile-hide\"><a href=\"https:\/\/www.fondazionecsc.it\/en\/pubblicazione\/sergio-citti-la-poesia-scellerata-del-cinema\/\">Sergio Citti. La poesia scellerata del cinema<\/a><\/div>\n                    <div class=\"c2i-news-slider-title desktop-hide\"><a href=\"https:\/\/www.fondazionecsc.it\/en\/pubblicazione\/sergio-citti-la-poesia-scellerata-del-cinema\/\">Sergio Citti. La poesia scellerata del cinema<\/a><\/div>\n                    <div class=\"c2i-news-slider-txt\">Autore:\u00a0Matteo Pollone e Caterina Taricano (a cura di) Anno:\u00a02023 Pagine:\u00a0159 Editore:\u00a0Centro Sperimentale di Cinematografia; Sabinae ISBN:\u00a097912&#8230;<\/div>\n                <\/div>\n            <\/div>\n        \n            <div class=\"swiper-slide\">\n                <div class=\"c2i-news-slider-item\">\n                    <!--<div class=\"c2i-news-slider-img-container\" style=\"background:url('https:\/\/www.fondazionecsc.it\/wp-content\/uploads\/2023\/12\/bava.jpg') no-repeat center center; background-size:cover;\">\n                        <a href=\"https:\/\/www.fondazionecsc.it\/en\/pubblicazione\/mario-bava-il-mago-dei-colori\/\"><img decoding=\"async\" class=\"c2i-news-slider-img\" src=\"https:\/\/www.fondazionecsc.it\/wp-content\/themes\/understrap-child\/img\/c2i-sidebar-spacer.png\" alt=\"\"><\/a>\n                        <div class=\"c2i-news-slider-categoria\"><a href=\"\"><\/a><\/div>\n                    <\/div>-->\n                    <div class=\"c2i-pubblicazioni-img-container\">\n                        <a href=\"https:\/\/www.fondazionecsc.it\/en\/pubblicazione\/mario-bava-il-mago-dei-colori\/\"><img decoding=\"async\" class=\"c2i-prodotti-slider-img\" src=\"https:\/\/www.fondazionecsc.it\/wp-content\/uploads\/2023\/12\/bava.jpg\" alt=\"\"><\/a>\n                    <\/div>\n                    <div class=\"c2i-news-slider-title mobile-hide\"><a href=\"https:\/\/www.fondazionecsc.it\/en\/pubblicazione\/mario-bava-il-mago-dei-colori\/\">Mario Bava. Il mago dei colori<\/a><\/div>\n                    <div class=\"c2i-news-slider-title desktop-hide\"><a href=\"https:\/\/www.fondazionecsc.it\/en\/pubblicazione\/mario-bava-il-mago-dei-colori\/\">Mario Bava. Il mago dei colori<\/a><\/div>\n                    <div class=\"c2i-news-slider-txt\">Mario Bava\u00a0\u00e8 uno dei registi italiani pi\u00f9 studiati e amati dagli specialisti di cinema popolare. Il suo talento visivo e la sua leggendaria capacit&#8230;<\/div>\n                <\/div>\n            <\/div>\n        \n            <div class=\"swiper-slide\">\n                <div class=\"c2i-news-slider-item\">\n                    <!--<div class=\"c2i-news-slider-img-container\" style=\"background:url('https:\/\/www.fondazionecsc.it\/wp-content\/uploads\/2023\/04\/lizzani.jpg') no-repeat center center; background-size:cover;\">\n                        <a href=\"https:\/\/www.fondazionecsc.it\/en\/pubblicazione\/la-storia-e-le-storie-il-novecento-secondo-carlo-lizzani\/\"><img decoding=\"async\" class=\"c2i-news-slider-img\" src=\"https:\/\/www.fondazionecsc.it\/wp-content\/themes\/understrap-child\/img\/c2i-sidebar-spacer.png\" alt=\"\"><\/a>\n                        <div class=\"c2i-news-slider-categoria\"><a href=\"\"><\/a><\/div>\n                    <\/div>-->\n                    <div class=\"c2i-pubblicazioni-img-container\">\n                        <a href=\"https:\/\/www.fondazionecsc.it\/en\/pubblicazione\/la-storia-e-le-storie-il-novecento-secondo-carlo-lizzani\/\"><img decoding=\"async\" class=\"c2i-prodotti-slider-img\" src=\"https:\/\/www.fondazionecsc.it\/wp-content\/uploads\/2023\/04\/lizzani.jpg\" alt=\"\"><\/a>\n                    <\/div>\n                    <div class=\"c2i-news-slider-title mobile-hide\"><a href=\"https:\/\/www.fondazionecsc.it\/en\/pubblicazione\/la-storia-e-le-storie-il-novecento-secondo-carlo-lizzani\/\">La Storia e le storie. Il Novecento secondo Carlo Lizzani<\/a><\/div>\n                    <div class=\"c2i-news-slider-title desktop-hide\"><a href=\"https:\/\/www.fondazionecsc.it\/en\/pubblicazione\/la-storia-e-le-storie-il-novecento-secondo-carlo-lizzani\/\">La Storia e le storie. Il Novecento secondo Carlo Lizzani<\/a><\/div>\n                    <div class=\"c2i-news-slider-txt\">a cura di\u00a0Alberto Anile, Giorgio Gosetti e Giovanni Spagnoletti prefzione Giuliano Montaldo Edizioni Sabinae e Centro Sperimentale di Cinematografia &#8230;<\/div>\n                <\/div>\n            <\/div>\n        \n            <div class=\"swiper-slide\">\n                <div class=\"c2i-news-slider-item\">\n                    <!--<div class=\"c2i-news-slider-img-container\" style=\"background:url('https:\/\/www.fondazionecsc.it\/wp-content\/uploads\/2023\/03\/pellicola.jpg') no-repeat center center; background-size:cover;\">\n                        <a href=\"https:\/\/www.fondazionecsc.it\/en\/pubblicazione\/una-passione-infiammabile-guida-allo-studio-del-cinema-muto\/\"><img decoding=\"async\" class=\"c2i-news-slider-img\" src=\"https:\/\/www.fondazionecsc.it\/wp-content\/themes\/understrap-child\/img\/c2i-sidebar-spacer.png\" alt=\"\"><\/a>\n                        <div class=\"c2i-news-slider-categoria\"><a href=\"\"><\/a><\/div>\n                    <\/div>-->\n                    <div class=\"c2i-pubblicazioni-img-container\">\n                        <a href=\"https:\/\/www.fondazionecsc.it\/en\/pubblicazione\/una-passione-infiammabile-guida-allo-studio-del-cinema-muto\/\"><img decoding=\"async\" class=\"c2i-prodotti-slider-img\" src=\"https:\/\/www.fondazionecsc.it\/wp-content\/uploads\/2023\/03\/pellicola.jpg\" alt=\"\"><\/a>\n                    <\/div>\n                    <div class=\"c2i-news-slider-title mobile-hide\"><a href=\"https:\/\/www.fondazionecsc.it\/en\/pubblicazione\/una-passione-infiammabile-guida-allo-studio-del-cinema-muto\/\">Una passione infiammabile. Guida allo studio del cinema muto<\/a><\/div>\n                    <div class=\"c2i-news-slider-title desktop-hide\"><a href=\"https:\/\/www.fondazionecsc.it\/en\/pubblicazione\/una-passione-infiammabile-guida-allo-studio-del-cinema-muto\/\">Una passione infiammabile. Guida allo studio del cinema muto<\/a><\/div>\n                    <div class=\"c2i-news-slider-txt\">Over thirty years have passed since its first Italian-language publication, and Paolo Cherchi Usai\u2019s Study Guide for Silent Film has long become an &#8230;<\/div>\n                <\/div>\n            <\/div>\n        \n            <div class=\"swiper-slide\">\n                <div class=\"c2i-news-slider-item\">\n                    <!--<div class=\"c2i-news-slider-img-container\" style=\"background:url('https:\/\/www.fondazionecsc.it\/wp-content\/uploads\/2023\/02\/copertina-MonettiPallanch.jpg') no-repeat center center; background-size:cover;\">\n                        <a href=\"https:\/\/www.fondazionecsc.it\/en\/pubblicazione\/per-i-soldi-o-per-la-gloria\/\"><img decoding=\"async\" class=\"c2i-news-slider-img\" src=\"https:\/\/www.fondazionecsc.it\/wp-content\/themes\/understrap-child\/img\/c2i-sidebar-spacer.png\" alt=\"\"><\/a>\n                        <div class=\"c2i-news-slider-categoria\"><a href=\"\"><\/a><\/div>\n                    <\/div>-->\n                    <div class=\"c2i-pubblicazioni-img-container\">\n                        <a href=\"https:\/\/www.fondazionecsc.it\/en\/pubblicazione\/per-i-soldi-o-per-la-gloria\/\"><img decoding=\"async\" class=\"c2i-prodotti-slider-img\" src=\"https:\/\/www.fondazionecsc.it\/wp-content\/uploads\/2023\/02\/copertina-MonettiPallanch.jpg\" alt=\"\"><\/a>\n                    <\/div>\n                    <div class=\"c2i-news-slider-title mobile-hide\"><a href=\"https:\/\/www.fondazionecsc.it\/en\/pubblicazione\/per-i-soldi-o-per-la-gloria\/\">Per i soldi o per la gloria<\/a><\/div>\n                    <div class=\"c2i-news-slider-title desktop-hide\"><a href=\"https:\/\/www.fondazionecsc.it\/en\/pubblicazione\/per-i-soldi-o-per-la-gloria\/\">Per i soldi o per la gloria<\/a><\/div>\n                    <div class=\"c2i-news-slider-txt\">Arriva in libreria un progetto editoriale intrapreso nel 2014 da Domenico Monetti e Luca Pallanch: ricostruire la storia del cinema italiano dal dopog&#8230;<\/div>\n                <\/div>\n            <\/div>\n        \n            <div class=\"swiper-slide\">\n                <div class=\"c2i-news-slider-item\">\n                    <!--<div class=\"c2i-news-slider-img-container\" style=\"background:url('https:\/\/www.fondazionecsc.it\/wp-content\/uploads\/2022\/12\/COP-Savina-bandelle90-dorso11_page-0001.jpg') no-repeat center center; background-size:cover;\">\n                        <a href=\"https:\/\/www.fondazionecsc.it\/en\/pubblicazione\/federico-savina-lesperienza-del-suono\/\"><img decoding=\"async\" class=\"c2i-news-slider-img\" src=\"https:\/\/www.fondazionecsc.it\/wp-content\/themes\/understrap-child\/img\/c2i-sidebar-spacer.png\" alt=\"\"><\/a>\n                        <div class=\"c2i-news-slider-categoria\"><a href=\"\"><\/a><\/div>\n                    <\/div>-->\n                    <div class=\"c2i-pubblicazioni-img-container\">\n                        <a href=\"https:\/\/www.fondazionecsc.it\/en\/pubblicazione\/federico-savina-lesperienza-del-suono\/\"><img decoding=\"async\" class=\"c2i-prodotti-slider-img\" src=\"https:\/\/www.fondazionecsc.it\/wp-content\/uploads\/2022\/12\/COP-Savina-bandelle90-dorso11_page-0001.jpg\" alt=\"\"><\/a>\n                    <\/div>\n                    <div class=\"c2i-news-slider-title mobile-hide\"><a href=\"https:\/\/www.fondazionecsc.it\/en\/pubblicazione\/federico-savina-lesperienza-del-suono\/\">Federico Savina. L\u2019esperienza del suono<\/a><\/div>\n                    <div class=\"c2i-news-slider-title desktop-hide\"><a href=\"https:\/\/www.fondazionecsc.it\/en\/pubblicazione\/federico-savina-lesperienza-del-suono\/\">Federico Savina. L\u2019esperienza del suono<\/a><\/div>\n                    <div class=\"c2i-news-slider-txt\">Sui titoli di testa del Casanova, Fellini voleva che la musica andasse pi\u00f9 veloce. Visconti, durante il mixage di Ludwig, chiese invece di ripristina&#8230;<\/div>\n                <\/div>\n            <\/div>\n        \n            <div class=\"swiper-slide\">\n                <div class=\"c2i-news-slider-item\">\n                    <!--<div class=\"c2i-news-slider-img-container\" style=\"background:url('https:\/\/www.fondazionecsc.it\/wp-content\/uploads\/2022\/12\/Bolognini-jpg-0001.jpg') no-repeat center center; background-size:cover;\">\n                        <a href=\"https:\/\/www.fondazionecsc.it\/en\/pubblicazione\/le-belle-costruzioni-hanno-fatto-il-loro-tempo-il-cinema-di-mauro-bolognini\/\"><img decoding=\"async\" class=\"c2i-news-slider-img\" src=\"https:\/\/www.fondazionecsc.it\/wp-content\/themes\/understrap-child\/img\/c2i-sidebar-spacer.png\" alt=\"\"><\/a>\n                        <div class=\"c2i-news-slider-categoria\"><a href=\"\"><\/a><\/div>\n                    <\/div>-->\n                    <div class=\"c2i-pubblicazioni-img-container\">\n                        <a href=\"https:\/\/www.fondazionecsc.it\/en\/pubblicazione\/le-belle-costruzioni-hanno-fatto-il-loro-tempo-il-cinema-di-mauro-bolognini\/\"><img decoding=\"async\" class=\"c2i-prodotti-slider-img\" src=\"https:\/\/www.fondazionecsc.it\/wp-content\/uploads\/2022\/12\/Bolognini-jpg-0001.jpg\" alt=\"\"><\/a>\n                    <\/div>\n                    <div class=\"c2i-news-slider-title mobile-hide\"><a href=\"https:\/\/www.fondazionecsc.it\/en\/pubblicazione\/le-belle-costruzioni-hanno-fatto-il-loro-tempo-il-cinema-di-mauro-bolognini\/\">Le belle costruzioni hanno fatto il loro tempo. Il cinema di Mauro Bolognini<\/a><\/div>\n                    <div class=\"c2i-news-slider-title desktop-hide\"><a href=\"https:\/\/www.fondazionecsc.it\/en\/pubblicazione\/le-belle-costruzioni-hanno-fatto-il-loro-tempo-il-cinema-di-mauro-bolognini\/\">Le belle costruzioni hanno fatto il loro tempo. Il cinema di Mauro Bolognini<\/a><\/div>\n                    <div class=\"c2i-news-slider-txt\">Regista prolifico e facilmente riconoscibile dal punto di vista stilistico, quindi altrettanto facilmente etichettabile e immediatamente etichettato (&#8230;<\/div>\n                <\/div>\n            <\/div>\n        \n                <\/div>\n                <!--<div class=\"swiper-button-next-44\"><\/div>\n                <div class=\"swiper-button-prev-44\"><\/div>-->\n                <div class=\"swiper-pagination-44\"><\/div>\n            <\/div>\n        <\/div>\n    <\/div>\n<\/section>\n\n\n    <script>\n        jQuery(function() {\n            var newsSwiper = new Swiper (\".swiper-container-pubblicazioni-8873\", {\n                slidesPerView: 2,\n                grabCursor: true,\n                spaceBetween: 30,\n                navigation: {\n                    nextEl: \".swiper-button-next-8873\",\n                    prevEl: \".swiper-button-prev-8873\",\n                },\n                pagination: {\n                    el: \".swiper-pagination-8873\",\n                    clickable: true,\n                },\n                breakpoints: {\n                    900: {\n                        slidesPerView: 3,\n                        slidesPerGroup: 3,\n                        spaceBetween: 30,\n                    },\n                    1200: {\n                        slidesPerView: 6,\n                        slidesPerGroup: 6,\n                        spaceBetween: 30,\n                    },\n                }\n            })\n        });\n    <\/script>\n<section class=\"c2i-news-slider\">\n        <div class=\"container\">\n            <div class=\"row\">\n                <div class=\"col-12\">\n                    <div class=\"c2i-news-slider-header\">Bianco e Nero <span class=\"c2i-news-slider-header-link\"><span class=\"c2i-news-slider-header-spacer\">|<\/span> <a href=\"\/bianco-e-nero-2\/\">All issues<\/a><\/span>\n                <\/div>\n                <div class=\"col-12 no-padding\">\t\n                    <div class=\"swiper-container swiper-container-pubblicazioni-8873\">\n                        <div class=\"swiper-wrapper\">\n\n            <div class=\"swiper-slide\">\n                <div class=\"c2i-news-slider-item\">\n                    <!--<div class=\"c2i-news-slider-img-container\" style=\"background:url('https:\/\/www.fondazionecsc.it\/wp-content\/uploads\/2025\/08\/volonte.jpg') no-repeat center center; background-size:cover;\">\n                        <a href=\"https:\/\/www.fondazionecsc.it\/en\/pubblicazione\/610-bianco-e-nero\/\"><img decoding=\"async\" class=\"c2i-news-slider-img\" src=\"https:\/\/www.fondazionecsc.it\/wp-content\/themes\/understrap-child\/img\/c2i-sidebar-spacer.png\" alt=\"\"><\/a>\n                        <div class=\"c2i-news-slider-categoria\"><a href=\"\"><\/a><\/div>\n                    <\/div>-->\n                    <div class=\"c2i-pubblicazioni-img-container\">\n                        <a href=\"https:\/\/www.fondazionecsc.it\/en\/pubblicazione\/610-bianco-e-nero\/\"><img decoding=\"async\" class=\"c2i-prodotti-slider-img\" src=\"https:\/\/www.fondazionecsc.it\/wp-content\/uploads\/2025\/08\/volonte.jpg\" alt=\"\"><\/a>\n                    <\/div>\n                    <div class=\"c2i-news-slider-title mobile-hide\"><a href=\"https:\/\/www.fondazionecsc.it\/en\/pubblicazione\/610-bianco-e-nero\/\">610 Bianco e nero<\/a><\/div>\n                    <div class=\"c2i-news-slider-title desktop-hide\"><a href=\"https:\/\/www.fondazionecsc.it\/en\/pubblicazione\/610-bianco-e-nero\/\">610 Bianco e nero<\/a><\/div>\n                    <div class=\"c2i-news-slider-txt\">Volont\u00e9 \u00e8 morto trent\u2019anni fa, il 6 dicembre 1994. L\u2019idea del numero \u00e8 nata in parallelo al documentario\u00a0Volont\u00e9 \u2013 L\u2019uomo dai mille volti&#8230;<\/div>\n                <\/div>\n            <\/div>\n        \n            <div class=\"swiper-slide\">\n                <div class=\"c2i-news-slider-item\">\n                    <!--<div class=\"c2i-news-slider-img-container\" style=\"background:url('https:\/\/www.fondazionecsc.it\/wp-content\/uploads\/2024\/12\/piatto-cop-BENE-scaled-1.jpg') no-repeat center center; background-size:cover;\">\n                        <a href=\"https:\/\/www.fondazionecsc.it\/en\/pubblicazione\/609-bianco-e-nero\/\"><img decoding=\"async\" class=\"c2i-news-slider-img\" src=\"https:\/\/www.fondazionecsc.it\/wp-content\/themes\/understrap-child\/img\/c2i-sidebar-spacer.png\" alt=\"\"><\/a>\n                        <div class=\"c2i-news-slider-categoria\"><a href=\"\"><\/a><\/div>\n                    <\/div>-->\n                    <div class=\"c2i-pubblicazioni-img-container\">\n                        <a href=\"https:\/\/www.fondazionecsc.it\/en\/pubblicazione\/609-bianco-e-nero\/\"><img decoding=\"async\" class=\"c2i-prodotti-slider-img\" src=\"https:\/\/www.fondazionecsc.it\/wp-content\/uploads\/2024\/12\/piatto-cop-BENE-scaled-1.jpg\" alt=\"\"><\/a>\n                    <\/div>\n                    <div class=\"c2i-news-slider-title mobile-hide\"><a href=\"https:\/\/www.fondazionecsc.it\/en\/pubblicazione\/609-bianco-e-nero\/\">609 Bianco e nero<\/a><\/div>\n                    <div class=\"c2i-news-slider-title desktop-hide\"><a href=\"https:\/\/www.fondazionecsc.it\/en\/pubblicazione\/609-bianco-e-nero\/\">609 Bianco e nero<\/a><\/div>\n                    <div class=\"c2i-news-slider-txt\">&nbsp; Partendo da un numero di \u00abBianco e Nero\u00bb uscito pi\u00f9 di mezzo secolo fa (11-12, novembre-dicembre 1973), a cura di Maurizio Grande, ripercorr&#8230;<\/div>\n                <\/div>\n            <\/div>\n        \n            <div class=\"swiper-slide\">\n                <div class=\"c2i-news-slider-item\">\n                    <!--<div class=\"c2i-news-slider-img-container\" style=\"background:url('https:\/\/www.fondazionecsc.it\/wp-content\/uploads\/2024\/09\/loren_.jpg') no-repeat center center; background-size:cover;\">\n                        <a href=\"https:\/\/www.fondazionecsc.it\/en\/pubblicazione\/608-bianco-e-nero\/\"><img decoding=\"async\" class=\"c2i-news-slider-img\" src=\"https:\/\/www.fondazionecsc.it\/wp-content\/themes\/understrap-child\/img\/c2i-sidebar-spacer.png\" alt=\"\"><\/a>\n                        <div class=\"c2i-news-slider-categoria\"><a href=\"\"><\/a><\/div>\n                    <\/div>-->\n                    <div class=\"c2i-pubblicazioni-img-container\">\n                        <a href=\"https:\/\/www.fondazionecsc.it\/en\/pubblicazione\/608-bianco-e-nero\/\"><img decoding=\"async\" class=\"c2i-prodotti-slider-img\" src=\"https:\/\/www.fondazionecsc.it\/wp-content\/uploads\/2024\/09\/loren_.jpg\" alt=\"\"><\/a>\n                    <\/div>\n                    <div class=\"c2i-news-slider-title mobile-hide\"><a href=\"https:\/\/www.fondazionecsc.it\/en\/pubblicazione\/608-bianco-e-nero\/\">608 Bianco e nero<\/a><\/div>\n                    <div class=\"c2i-news-slider-title desktop-hide\"><a href=\"https:\/\/www.fondazionecsc.it\/en\/pubblicazione\/608-bianco-e-nero\/\">608 Bianco e nero<\/a><\/div>\n                    <div class=\"c2i-news-slider-txt\">Sophia Loren festeggia, in questo 2024, un compleanno importante. Il Centro Sperimentale di Cinematografia ed Edizioni Sabinae hanno deciso di celebra&#8230;<\/div>\n                <\/div>\n            <\/div>\n        \n            <div class=\"swiper-slide\">\n                <div class=\"c2i-news-slider-item\">\n                    <!--<div class=\"c2i-news-slider-img-container\" style=\"background:url('https:\/\/www.fondazionecsc.it\/wp-content\/uploads\/2023\/12\/piatto-cop-Magnani-scaled-1.jpg') no-repeat center center; background-size:cover;\">\n                        <a href=\"https:\/\/www.fondazionecsc.it\/en\/pubblicazione\/607-bianco-e-nero\/\"><img decoding=\"async\" class=\"c2i-news-slider-img\" src=\"https:\/\/www.fondazionecsc.it\/wp-content\/themes\/understrap-child\/img\/c2i-sidebar-spacer.png\" alt=\"\"><\/a>\n                        <div class=\"c2i-news-slider-categoria\"><a href=\"\"><\/a><\/div>\n                    <\/div>-->\n                    <div class=\"c2i-pubblicazioni-img-container\">\n                        <a href=\"https:\/\/www.fondazionecsc.it\/en\/pubblicazione\/607-bianco-e-nero\/\"><img decoding=\"async\" class=\"c2i-prodotti-slider-img\" src=\"https:\/\/www.fondazionecsc.it\/wp-content\/uploads\/2023\/12\/piatto-cop-Magnani-scaled-1.jpg\" alt=\"\"><\/a>\n                    <\/div>\n                    <div class=\"c2i-news-slider-title mobile-hide\"><a href=\"https:\/\/www.fondazionecsc.it\/en\/pubblicazione\/607-bianco-e-nero\/\">607 Bianco e nero<\/a><\/div>\n                    <div class=\"c2i-news-slider-title desktop-hide\"><a href=\"https:\/\/www.fondazionecsc.it\/en\/pubblicazione\/607-bianco-e-nero\/\">607 Bianco e nero<\/a><\/div>\n                    <div class=\"c2i-news-slider-txt\">\u00c8 disponibile in libreria e presso i principali rivenditori on line il\u00a0numero 607 di \u00abBianco e nero\u00bb, curato da Chiara Ricci, dedicato ad Anna Mag&#8230;<\/div>\n                <\/div>\n            <\/div>\n        \n            <div class=\"swiper-slide\">\n                <div class=\"c2i-news-slider-item\">\n                    <!--<div class=\"c2i-news-slider-img-container\" style=\"background:url('https:\/\/www.fondazionecsc.it\/wp-content\/uploads\/2023\/07\/cover-moretti-scaled.jpeg') no-repeat center center; background-size:cover;\">\n                        <a href=\"https:\/\/www.fondazionecsc.it\/en\/pubblicazione\/606-bianco-e-nero\/\"><img decoding=\"async\" class=\"c2i-news-slider-img\" src=\"https:\/\/www.fondazionecsc.it\/wp-content\/themes\/understrap-child\/img\/c2i-sidebar-spacer.png\" alt=\"\"><\/a>\n                        <div class=\"c2i-news-slider-categoria\"><a href=\"\"><\/a><\/div>\n                    <\/div>-->\n                    <div class=\"c2i-pubblicazioni-img-container\">\n                        <a href=\"https:\/\/www.fondazionecsc.it\/en\/pubblicazione\/606-bianco-e-nero\/\"><img decoding=\"async\" class=\"c2i-prodotti-slider-img\" src=\"https:\/\/www.fondazionecsc.it\/wp-content\/uploads\/2023\/07\/cover-moretti-scaled.jpeg\" alt=\"\"><\/a>\n                    <\/div>\n                    <div class=\"c2i-news-slider-title mobile-hide\"><a href=\"https:\/\/www.fondazionecsc.it\/en\/pubblicazione\/606-bianco-e-nero\/\">606 Bianco e nero<\/a><\/div>\n                    <div class=\"c2i-news-slider-title desktop-hide\"><a href=\"https:\/\/www.fondazionecsc.it\/en\/pubblicazione\/606-bianco-e-nero\/\">606 Bianco e nero<\/a><\/div>\n                    <div class=\"c2i-news-slider-txt\">\u00c8 disponibile in libreria e presso i principali rivenditori on line il numero 606 di \u00abBianco e nero\u00bb, curato da Paolo Di Paolo, dedicato a Nanni Mo&#8230;<\/div>\n                <\/div>\n            <\/div>\n        \n            <div class=\"swiper-slide\">\n                <div class=\"c2i-news-slider-item\">\n                    <!--<div class=\"c2i-news-slider-img-container\" style=\"background:url('https:\/\/www.fondazionecsc.it\/wp-content\/uploads\/2023\/05\/copertina-BN-605_Gianni-Amelio.jpg.png') no-repeat center center; background-size:cover;\">\n                        <a href=\"https:\/\/www.fondazionecsc.it\/en\/pubblicazione\/605-bianco-e-nero\/\"><img decoding=\"async\" class=\"c2i-news-slider-img\" src=\"https:\/\/www.fondazionecsc.it\/wp-content\/themes\/understrap-child\/img\/c2i-sidebar-spacer.png\" alt=\"\"><\/a>\n                        <div class=\"c2i-news-slider-categoria\"><a href=\"\"><\/a><\/div>\n                    <\/div>-->\n                    <div class=\"c2i-pubblicazioni-img-container\">\n                        <a href=\"https:\/\/www.fondazionecsc.it\/en\/pubblicazione\/605-bianco-e-nero\/\"><img decoding=\"async\" class=\"c2i-prodotti-slider-img\" src=\"https:\/\/www.fondazionecsc.it\/wp-content\/uploads\/2023\/05\/copertina-BN-605_Gianni-Amelio.jpg.png\" alt=\"\"><\/a>\n                    <\/div>\n                    <div class=\"c2i-news-slider-title mobile-hide\"><a href=\"https:\/\/www.fondazionecsc.it\/en\/pubblicazione\/605-bianco-e-nero\/\">605 Bianco e nero<\/a><\/div>\n                    <div class=\"c2i-news-slider-title desktop-hide\"><a href=\"https:\/\/www.fondazionecsc.it\/en\/pubblicazione\/605-bianco-e-nero\/\">605 Bianco e nero<\/a><\/div>\n                    <div class=\"c2i-news-slider-txt\">Dopo i numeri dedicati a Liliana Cavani e alla coppia composta da Marco Bellocchio e Francesca Calvelli, \u00abBianco e Nero\u00bb continua nella sua indagine&#8230;<\/div>\n                <\/div>\n            <\/div>\n        \n            <div class=\"swiper-slide\">\n                <div class=\"c2i-news-slider-item\">\n                    <!--<div class=\"c2i-news-slider-img-container\" style=\"background:url('https:\/\/www.fondazionecsc.it\/wp-content\/uploads\/2022\/12\/BN-604-copertina.jpg.png') no-repeat center center; background-size:cover;\">\n                        <a href=\"https:\/\/www.fondazionecsc.it\/en\/pubblicazione\/604-bianco-e-nero\/\"><img decoding=\"async\" class=\"c2i-news-slider-img\" src=\"https:\/\/www.fondazionecsc.it\/wp-content\/themes\/understrap-child\/img\/c2i-sidebar-spacer.png\" alt=\"\"><\/a>\n                        <div class=\"c2i-news-slider-categoria\"><a href=\"\"><\/a><\/div>\n                    <\/div>-->\n                    <div class=\"c2i-pubblicazioni-img-container\">\n                        <a href=\"https:\/\/www.fondazionecsc.it\/en\/pubblicazione\/604-bianco-e-nero\/\"><img decoding=\"async\" class=\"c2i-prodotti-slider-img\" src=\"https:\/\/www.fondazionecsc.it\/wp-content\/uploads\/2022\/12\/BN-604-copertina.jpg.png\" alt=\"\"><\/a>\n                    <\/div>\n                    <div class=\"c2i-news-slider-title mobile-hide\"><a href=\"https:\/\/www.fondazionecsc.it\/en\/pubblicazione\/604-bianco-e-nero\/\">604 Bianco e nero<\/a><\/div>\n                    <div class=\"c2i-news-slider-title desktop-hide\"><a href=\"https:\/\/www.fondazionecsc.it\/en\/pubblicazione\/604-bianco-e-nero\/\">604 Bianco e nero<\/a><\/div>\n                    <div class=\"c2i-news-slider-txt\">\u00c8 dedicato a una delle pi\u00f9 importanti registe del nostro cinema il\u00a0numero 604 di &#8220;Bianco e nero\u201d\u00a0appena uscito,\u00a0intitolato\u00a0\u201cLiliana ra&#8230;<\/div>\n                <\/div>\n            <\/div>\n        \n            <div class=\"swiper-slide\">\n                <div class=\"c2i-news-slider-item\">\n                    <!--<div class=\"c2i-news-slider-img-container\" style=\"background:url('https:\/\/www.fondazionecsc.it\/wp-content\/uploads\/2022\/11\/bianco-e-nero.jpg') no-repeat center center; background-size:cover;\">\n                        <a href=\"https:\/\/www.fondazionecsc.it\/en\/pubblicazione\/603-bianco-e-nero\/\"><img decoding=\"async\" class=\"c2i-news-slider-img\" src=\"https:\/\/www.fondazionecsc.it\/wp-content\/themes\/understrap-child\/img\/c2i-sidebar-spacer.png\" alt=\"\"><\/a>\n                        <div class=\"c2i-news-slider-categoria\"><a href=\"\"><\/a><\/div>\n                    <\/div>-->\n                    <div class=\"c2i-pubblicazioni-img-container\">\n                        <a href=\"https:\/\/www.fondazionecsc.it\/en\/pubblicazione\/603-bianco-e-nero\/\"><img decoding=\"async\" class=\"c2i-prodotti-slider-img\" src=\"https:\/\/www.fondazionecsc.it\/wp-content\/uploads\/2022\/11\/bianco-e-nero.jpg\" alt=\"\"><\/a>\n                    <\/div>\n                    <div class=\"c2i-news-slider-title mobile-hide\"><a href=\"https:\/\/www.fondazionecsc.it\/en\/pubblicazione\/603-bianco-e-nero\/\">603 Bianco e nero<\/a><\/div>\n                    <div class=\"c2i-news-slider-title desktop-hide\"><a href=\"https:\/\/www.fondazionecsc.it\/en\/pubblicazione\/603-bianco-e-nero\/\">603 Bianco e nero<\/a><\/div>\n                    <div class=\"c2i-news-slider-txt\">ll numero 603 di &#8220;Bianco e nero&#8221; \u00e8\u00a0dedicato a una coppia di artisti che sono entrambi glorie del CSC (come diplomati e come insegnanti) &#8230;<\/div>\n                <\/div>\n            <\/div>\n        \n                <\/div>\n                <!--<div class=\"swiper-button-next-8873\"><\/div>\n                <div class=\"swiper-button-prev-8873\"><\/div>-->\n                <div class=\"swiper-pagination-8873\"><\/div>\n            <\/div>\n        <\/div>\n    <\/div>\n<\/section>\n\n\n    <script>\n        jQuery(function() {\n        });\n    <\/script>\n<section class=\"c2i-film-slider mobile-hide\" style=\"background: transparent url('https:\/\/www.fondazionecsc.it\/wp-content\/uploads\/2019\/11\/film-background.jpg') no-repeat center center;\">\n    <div class=\"container\">\n        <div class=\"row\">\n            <div class=\"col-12\">\n                <div class=\"c2i-film-slider-header\">Video<span class=\"c2i-film-slider-header-link\"><span class=\"c2i-news-slider-header-spacer\">|<\/span> <a href=\"\/video\/\">Video catalog<\/a><\/span><span class=\"c2i-film-slider-header-link\"><span class=\"c2i-news-slider-header-spacer\">|<\/span> <a href=\"https:\/\/youtu.be\/HLbGlD0wW04\" target=\"_blank\">Go to our Youtube channel<\/a><\/span>\n                    <\/div>\n                <\/div>\n                <div class=\"col-12\" style=\"padding-bottom: 100px;\">\n                    <div class=\"row\">\t\n                    <div class=\"col-12 col-md-6\">\n                        <div class=\"c2i-news-slider-img-container\" style=\"background:url('https:\/\/www.fondazionecsc.it\/wp-content\/uploads\/2020\/03\/cap.jpg') no-repeat center center; background-size:cover;\">\n                            <a href=\"https:\/\/www.youtube.com\/watch?v=qYrvyHL6P3w\"><img decoding=\"async\" class=\"c2i-news-slider-img\" src=\"https:\/\/www.fondazionecsc.it\/wp-content\/themes\/understrap-child\/img\/c2i-video-big-spacer.png\" alt=\"Lino Capolicchio\"><\/a>\n                            <div class=\"c2i-film-slider-play\"><\/div>\n                        <\/div>\n                    <\/div>\n                    <div class=\"col-12 col-md-6\">\n                        <div class=\"c2i-box-video-container\">\n                            <div class=\"c2i-box-video-title-content\"><a href=\"https:\/\/www.youtube.com\/watch?v=qYrvyHL6P3w\">Lino Capolicchio presents his books &#8220;D&#8217;amore non si muore&#8221;<\/a><\/div>\n                            <div class=\"c2i-box-video-txt\"><p>Lino Capolicchio presents his book <em>D\u2019 Amore non si muore<\/em>, published by Fondazione Centro Sperimentale di Cinematografia and Rubbettino. The video is part of the interview curated by Domenico Monetti, D. Montemagno and Mario Militello. Video by Stefano Landini.<\/p>\n<\/div>\n                            <div class=\"c2i-box-video-link\"><a href=\"https:\/\/www.youtube.com\/watch?v=qYrvyHL6P3w\">Watch the video<\/a><\/div>\n                        <\/div>\n                    <\/div>\n                <\/div>\n            <\/div>\n        <\/div>\n    <\/div>\n<\/section>\n\n\n\n\n    <script>\n        jQuery(function() {\n            var newsSwiper = new Swiper (\".swiper-container-prodotti-6077\", {\n                slidesPerView: 2,\n                grabCursor: true,\n                spaceBetween: 30,\n                navigation: {\n                    nextEl: \".swiper-button-next-6077\",\n                    prevEl: \".swiper-button-prev-6077\",\n                },\n                pagination: {\n                    el: \".swiper-pagination-6077\",\n                    clickable: true,\n                },\n                breakpoints: {\n                    900: {\n                        slidesPerView: 3,\n                        slidesPerGroup: 3,\n                        spaceBetween: 30,\n                    },\n                    1200: {\n                        slidesPerView: 6,\n                        slidesPerGroup: 6,\n                        spaceBetween: 30,\n                    },\n                }\n            })\n        });\n    <\/script>\n<section class=\"c2i-news-slider\">\n        <div class=\"container\">\n            <div class=\"row\">\n                <div class=\"col-12\">\n                    <div class=\"c2i-news-slider-header\">Bookshop <span class=\"c2i-news-slider-header-link\"><span class=\"c2i-news-slider-header-spacer\">|<\/span> <a href=\"\/en\/bookshop\/\">Complete Catalog<\/a><\/span>\n                <\/div>\n                <div class=\"col-12\">\t\n                    <div class=\"swiper-container swiper-container-prodotti-6077\">\n                        <div class=\"swiper-wrapper\">\n\n            <div class=\"swiper-slide\">\n                <div class=\"c2i-news-slider-item\">\n                    <!--<div class=\"c2i-news-slider-img-container\" style=\"background:url('https:\/\/www.fondazionecsc.it\/wp-content\/uploads\/2026\/03\/piatto-cop-Tosini.jpg') no-repeat center center; background-size:cover;\">\n                        <a href=\"https:\/\/www.fondazionecsc.it\/en\/prodotto\/il-patrimonio-audiovisivo-tecnologie-e-metodologie-di-preservazione-restauro-e-digitalizzazione-cinematografica\/\"><img decoding=\"async\" class=\"c2i-news-slider-img\" src=\"https:\/\/www.fondazionecsc.it\/wp-content\/themes\/understrap-child\/img\/c2i-sidebar-spacer.png\" alt=\"\"><\/a>\n                        <div class=\"c2i-news-slider-categoria\"><a href=\"\"><\/a><\/div>\n                    <\/div>-->\n                    <div class=\"c2i-pubblicazioni-img-container\">\n                        <a href=\"https:\/\/www.fondazionecsc.it\/en\/prodotto\/il-patrimonio-audiovisivo-tecnologie-e-metodologie-di-preservazione-restauro-e-digitalizzazione-cinematografica\/\"><img decoding=\"async\" class=\"c2i-prodotti-slider-img\" src=\"https:\/\/www.fondazionecsc.it\/wp-content\/uploads\/2026\/03\/piatto-cop-Tosini.jpg\" alt=\"\"><\/a>\n                    <\/div>\n                    <div class=\"c2i-prodotti-slider-title mobile-hide\"><a href=\"https:\/\/www.fondazionecsc.it\/en\/prodotto\/il-patrimonio-audiovisivo-tecnologie-e-metodologie-di-preservazione-restauro-e-digitalizzazione-cinematografica\/\">Il patrimonio audiovisivo. Tecnologie e metodologie di preservazione, restauro e digitalizzazione cinematografica<\/a><\/div>\n                    <div class=\"c2i-prodotti-slider-title desktop-hide\"><a href=\"https:\/\/www.fondazionecsc.it\/en\/prodotto\/il-patrimonio-audiovisivo-tecnologie-e-metodologie-di-preservazione-restauro-e-digitalizzazione-cinematografica\/\">Il patrimonio audiovisivo. Tecnologie e metodologie di preservazione, restauro e digitalizzazione ci&#8230;<\/a><\/div>\n                    <div class=\"c2i-prodotti-slider-txt\">Giandomenico Celata, Paolo Tosini<\/div>\n                    <div class=\"c2i-prodotti-slider-txt\"><\/div>\n                    <!--<div class=\"c2i-prodotti-slider-prezzo\">\u20ac 20,00<\/div>-->\n        <div class=\"c2i-prodotti-slider-prezzo\">\u20ac 20,00<\/div>\n                <\/div>\n            <\/div>\n        \n            <div class=\"swiper-slide\">\n                <div class=\"c2i-news-slider-item\">\n                    <!--<div class=\"c2i-news-slider-img-container\" style=\"background:url('https:\/\/www.fondazionecsc.it\/wp-content\/uploads\/2026\/02\/Barbaro.png') no-repeat center center; background-size:cover;\">\n                        <a href=\"https:\/\/www.fondazionecsc.it\/en\/prodotto\/umberto-barbaro-un-maestro\/\"><img decoding=\"async\" class=\"c2i-news-slider-img\" src=\"https:\/\/www.fondazionecsc.it\/wp-content\/themes\/understrap-child\/img\/c2i-sidebar-spacer.png\" alt=\"\"><\/a>\n                        <div class=\"c2i-news-slider-categoria\"><a href=\"\"><\/a><\/div>\n                    <\/div>-->\n                    <div class=\"c2i-pubblicazioni-img-container\">\n                        <a href=\"https:\/\/www.fondazionecsc.it\/en\/prodotto\/umberto-barbaro-un-maestro\/\"><img decoding=\"async\" class=\"c2i-prodotti-slider-img\" src=\"https:\/\/www.fondazionecsc.it\/wp-content\/uploads\/2026\/02\/Barbaro.png\" alt=\"\"><\/a>\n                    <\/div>\n                    <div class=\"c2i-prodotti-slider-title mobile-hide\"><a href=\"https:\/\/www.fondazionecsc.it\/en\/prodotto\/umberto-barbaro-un-maestro\/\">Umberto Barbaro. Un maestro<\/a><\/div>\n                    <div class=\"c2i-prodotti-slider-title desktop-hide\"><a href=\"https:\/\/www.fondazionecsc.it\/en\/prodotto\/umberto-barbaro-un-maestro\/\">Umberto Barbaro. Un maestro<\/a><\/div>\n                    <div class=\"c2i-prodotti-slider-txt\">Mario Patan\u00e8 (edited by)<\/div>\n                    <div class=\"c2i-prodotti-slider-txt\"><\/div>\n                    <!--<div class=\"c2i-prodotti-slider-prezzo\">\u20ac 24,00<\/div>-->\n        <div class=\"c2i-prodotti-slider-prezzo\">\u20ac 24,00<\/div>\n                <\/div>\n            <\/div>\n        \n            <div class=\"swiper-slide\">\n                <div class=\"c2i-news-slider-item\">\n                    <!--<div class=\"c2i-news-slider-img-container\" style=\"background:url('https:\/\/www.fondazionecsc.it\/wp-content\/uploads\/2026\/01\/2979534.jpg') no-repeat center center; background-size:cover;\">\n                        <a href=\"https:\/\/www.fondazionecsc.it\/en\/prodotto\/il-documentario-italiano-2000-2025-copia\/\"><img decoding=\"async\" class=\"c2i-news-slider-img\" src=\"https:\/\/www.fondazionecsc.it\/wp-content\/themes\/understrap-child\/img\/c2i-sidebar-spacer.png\" alt=\"\"><\/a>\n                        <div class=\"c2i-news-slider-categoria\"><a href=\"\"><\/a><\/div>\n                    <\/div>-->\n                    <div class=\"c2i-pubblicazioni-img-container\">\n                        <a href=\"https:\/\/www.fondazionecsc.it\/en\/prodotto\/il-documentario-italiano-2000-2025-copia\/\"><img decoding=\"async\" class=\"c2i-prodotti-slider-img\" src=\"https:\/\/www.fondazionecsc.it\/wp-content\/uploads\/2026\/01\/2979534.jpg\" alt=\"\"><\/a>\n                    <\/div>\n                    <div class=\"c2i-prodotti-slider-title mobile-hide\"><a href=\"https:\/\/www.fondazionecsc.it\/en\/prodotto\/il-documentario-italiano-2000-2025-copia\/\">Immaginare il futuro, custodire la memoria. 1935-2025. CSC Centro Sperimentale di Cinematografia<\/a><\/div>\n                    <div class=\"c2i-prodotti-slider-title desktop-hide\"><a href=\"https:\/\/www.fondazionecsc.it\/en\/prodotto\/il-documentario-italiano-2000-2025-copia\/\">Immaginare il futuro, custodire la memoria. 1935-2025. CSC Centro Sperimentale di Cinematografia<\/a><\/div>\n                    <div class=\"c2i-prodotti-slider-txt\">Christan Uva (edited by)<\/div>\n                    <div class=\"c2i-prodotti-slider-txt\"><\/div>\n                    <!--<div class=\"c2i-prodotti-slider-prezzo\">\u20ac 45,00<\/div>-->\n        <div class=\"c2i-prodotti-slider-prezzo\">\u20ac 45,00<\/div>\n                <\/div>\n            <\/div>\n        \n            <div class=\"swiper-slide\">\n                <div class=\"c2i-news-slider-item\">\n                    <!--<div class=\"c2i-news-slider-img-container\" style=\"background:url('https:\/\/www.fondazionecsc.it\/wp-content\/uploads\/2025\/11\/piatto-cop-bn-611-612-scaled.jpg') no-repeat center center; background-size:cover;\">\n                        <a href=\"https:\/\/www.fondazionecsc.it\/en\/prodotto\/il-documentario-italiano-2000-2025\/\"><img decoding=\"async\" class=\"c2i-news-slider-img\" src=\"https:\/\/www.fondazionecsc.it\/wp-content\/themes\/understrap-child\/img\/c2i-sidebar-spacer.png\" alt=\"\"><\/a>\n                        <div class=\"c2i-news-slider-categoria\"><a href=\"\"><\/a><\/div>\n                    <\/div>-->\n                    <div class=\"c2i-pubblicazioni-img-container\">\n                        <a href=\"https:\/\/www.fondazionecsc.it\/en\/prodotto\/il-documentario-italiano-2000-2025\/\"><img decoding=\"async\" class=\"c2i-prodotti-slider-img\" src=\"https:\/\/www.fondazionecsc.it\/wp-content\/uploads\/2025\/11\/piatto-cop-bn-611-612-scaled.jpg\" alt=\"\"><\/a>\n                    <\/div>\n                    <div class=\"c2i-prodotti-slider-title mobile-hide\"><a href=\"https:\/\/www.fondazionecsc.it\/en\/prodotto\/il-documentario-italiano-2000-2025\/\">Il documentario italiano 2000-2025<\/a><\/div>\n                    <div class=\"c2i-prodotti-slider-title desktop-hide\"><a href=\"https:\/\/www.fondazionecsc.it\/en\/prodotto\/il-documentario-italiano-2000-2025\/\">Il documentario italiano 2000-2025<\/a><\/div>\n                    <div class=\"c2i-prodotti-slider-txt\">Luca Mosso and Giulio Sangiorgio (eds.)<\/div>\n                    <div class=\"c2i-prodotti-slider-txt\"><\/div>\n                    <!--<div class=\"c2i-prodotti-slider-prezzo\">\u20ac 26,00<\/div>-->\n        <div class=\"c2i-prodotti-slider-prezzo\">\u20ac 26,00<\/div>\n                <\/div>\n            <\/div>\n        \n            <div class=\"swiper-slide\">\n                <div class=\"c2i-news-slider-item\">\n                    <!--<div class=\"c2i-news-slider-img-container\" style=\"background:url('https:\/\/www.fondazionecsc.it\/wp-content\/uploads\/2025\/11\/carlo-simi-scaled.jpg') no-repeat center center; background-size:cover;\">\n                        <a href=\"https:\/\/www.fondazionecsc.it\/en\/prodotto\/carlo-simi-progettista-di-sogni-un-architetto-prestato-al-cinema\/\"><img decoding=\"async\" class=\"c2i-news-slider-img\" src=\"https:\/\/www.fondazionecsc.it\/wp-content\/themes\/understrap-child\/img\/c2i-sidebar-spacer.png\" alt=\"\"><\/a>\n                        <div class=\"c2i-news-slider-categoria\"><a href=\"\"><\/a><\/div>\n                    <\/div>-->\n                    <div class=\"c2i-pubblicazioni-img-container\">\n                        <a href=\"https:\/\/www.fondazionecsc.it\/en\/prodotto\/carlo-simi-progettista-di-sogni-un-architetto-prestato-al-cinema\/\"><img decoding=\"async\" class=\"c2i-prodotti-slider-img\" src=\"https:\/\/www.fondazionecsc.it\/wp-content\/uploads\/2025\/11\/carlo-simi-scaled.jpg\" alt=\"\"><\/a>\n                    <\/div>\n                    <div class=\"c2i-prodotti-slider-title mobile-hide\"><a href=\"https:\/\/www.fondazionecsc.it\/en\/prodotto\/carlo-simi-progettista-di-sogni-un-architetto-prestato-al-cinema\/\">Carlo Simi, progettista di sogni. Un architetto prestato al cinema<\/a><\/div>\n                    <div class=\"c2i-prodotti-slider-title desktop-hide\"><a href=\"https:\/\/www.fondazionecsc.it\/en\/prodotto\/carlo-simi-progettista-di-sogni-un-architetto-prestato-al-cinema\/\">Carlo Simi, progettista di sogni. Un architetto prestato al cinema<\/a><\/div>\n                    <div class=\"c2i-prodotti-slider-txt\">Andrea B. Nardi, Giuditta Simi<\/div>\n                    <div class=\"c2i-prodotti-slider-txt\"><\/div>\n                    <!--<div class=\"c2i-prodotti-slider-prezzo\">\u20ac 35,00<\/div>-->\n        <div class=\"c2i-prodotti-slider-prezzo\">\u20ac 35,00<\/div>\n                <\/div>\n            <\/div>\n        \n            <div class=\"swiper-slide\">\n                <div class=\"c2i-news-slider-item\">\n                    <!--<div class=\"c2i-news-slider-img-container\" style=\"background:url('https:\/\/www.fondazionecsc.it\/wp-content\/uploads\/2024\/12\/piatto-cop-bn-610-Volonte-bassa.jpg') no-repeat center center; background-size:cover;\">\n                        <a href=\"https:\/\/www.fondazionecsc.it\/en\/prodotto\/gian-maria-volonte\/\"><img decoding=\"async\" class=\"c2i-news-slider-img\" src=\"https:\/\/www.fondazionecsc.it\/wp-content\/themes\/understrap-child\/img\/c2i-sidebar-spacer.png\" alt=\"\"><\/a>\n                        <div class=\"c2i-news-slider-categoria\"><a href=\"\"><\/a><\/div>\n                    <\/div>-->\n                    <div class=\"c2i-pubblicazioni-img-container\">\n                        <a href=\"https:\/\/www.fondazionecsc.it\/en\/prodotto\/gian-maria-volonte\/\"><img decoding=\"async\" class=\"c2i-prodotti-slider-img\" src=\"https:\/\/www.fondazionecsc.it\/wp-content\/uploads\/2024\/12\/piatto-cop-bn-610-Volonte-bassa.jpg\" alt=\"\"><\/a>\n                    <\/div>\n                    <div class=\"c2i-prodotti-slider-title mobile-hide\"><a href=\"https:\/\/www.fondazionecsc.it\/en\/prodotto\/gian-maria-volonte\/\">Gian Maria Volont\u00e8<\/a><\/div>\n                    <div class=\"c2i-prodotti-slider-title desktop-hide\"><a href=\"https:\/\/www.fondazionecsc.it\/en\/prodotto\/gian-maria-volonte\/\">Gian Maria Volont\u00e8<\/a><\/div>\n                    <div class=\"c2i-prodotti-slider-txt\"><\/div>\n                    <div class=\"c2i-prodotti-slider-txt\"><\/div>\n                    <!--<div class=\"c2i-prodotti-slider-prezzo\">\u20ac 22,00<\/div>-->\n        <div class=\"c2i-prodotti-slider-prezzo\">\u20ac 22,00<\/div>\n                <\/div>\n            <\/div>\n        \n            <div class=\"swiper-slide\">\n                <div class=\"c2i-news-slider-item\">\n                    <!--<div class=\"c2i-news-slider-img-container\" style=\"background:url('https:\/\/www.fondazionecsc.it\/wp-content\/uploads\/2024\/12\/Don-Camillo-scaled.jpeg') no-repeat center center; background-size:cover;\">\n                        <a href=\"https:\/\/www.fondazionecsc.it\/en\/prodotto\/lultimo-don-camillo-immagini-e-ricordi-di-un-film-perduto\/\"><img decoding=\"async\" class=\"c2i-news-slider-img\" src=\"https:\/\/www.fondazionecsc.it\/wp-content\/themes\/understrap-child\/img\/c2i-sidebar-spacer.png\" alt=\"\"><\/a>\n                        <div class=\"c2i-news-slider-categoria\"><a href=\"\"><\/a><\/div>\n                    <\/div>-->\n                    <div class=\"c2i-pubblicazioni-img-container\">\n                        <a href=\"https:\/\/www.fondazionecsc.it\/en\/prodotto\/lultimo-don-camillo-immagini-e-ricordi-di-un-film-perduto\/\"><img decoding=\"async\" class=\"c2i-prodotti-slider-img\" src=\"https:\/\/www.fondazionecsc.it\/wp-content\/uploads\/2024\/12\/Don-Camillo-scaled.jpeg\" alt=\"\"><\/a>\n                    <\/div>\n                    <div class=\"c2i-prodotti-slider-title mobile-hide\"><a href=\"https:\/\/www.fondazionecsc.it\/en\/prodotto\/lultimo-don-camillo-immagini-e-ricordi-di-un-film-perduto\/\">L&#8217;ultimo Don Camillo<\/a><\/div>\n                    <div class=\"c2i-prodotti-slider-title desktop-hide\"><a href=\"https:\/\/www.fondazionecsc.it\/en\/prodotto\/lultimo-don-camillo-immagini-e-ricordi-di-un-film-perduto\/\">L&#8217;ultimo Don Camillo<\/a><\/div>\n                    <div class=\"c2i-prodotti-slider-txt\">Anile, Alberto (edited by)<\/div>\n                    <div class=\"c2i-prodotti-slider-txt\"><\/div>\n                    <!--<div class=\"c2i-prodotti-slider-prezzo\">\u20ac 30,00<\/div>-->\n        <div class=\"c2i-prodotti-slider-prezzo\">\u20ac 24,00<\/div><div class=\"c2i-prodotti-slider-prezzo-barrato\">\u20ac 30,00<\/div>\n                <\/div>\n            <\/div>\n        \n            <div class=\"swiper-slide\">\n                <div class=\"c2i-news-slider-item\">\n                    <!--<div class=\"c2i-news-slider-img-container\" style=\"background:url('https:\/\/www.fondazionecsc.it\/wp-content\/uploads\/2024\/10\/piatto-cop-BENE-scaled.jpg') no-repeat center center; background-size:cover;\">\n                        <a href=\"https:\/\/www.fondazionecsc.it\/en\/prodotto\/carmelo-bene\/\"><img decoding=\"async\" class=\"c2i-news-slider-img\" src=\"https:\/\/www.fondazionecsc.it\/wp-content\/themes\/understrap-child\/img\/c2i-sidebar-spacer.png\" alt=\"\"><\/a>\n                        <div class=\"c2i-news-slider-categoria\"><a href=\"\"><\/a><\/div>\n                    <\/div>-->\n                    <div class=\"c2i-pubblicazioni-img-container\">\n                        <a href=\"https:\/\/www.fondazionecsc.it\/en\/prodotto\/carmelo-bene\/\"><img decoding=\"async\" class=\"c2i-prodotti-slider-img\" src=\"https:\/\/www.fondazionecsc.it\/wp-content\/uploads\/2024\/10\/piatto-cop-BENE-scaled.jpg\" alt=\"\"><\/a>\n                    <\/div>\n                    <div class=\"c2i-prodotti-slider-title mobile-hide\"><a href=\"https:\/\/www.fondazionecsc.it\/en\/prodotto\/carmelo-bene\/\">Carmelo Bene<\/a><\/div>\n                    <div class=\"c2i-prodotti-slider-title desktop-hide\"><a href=\"https:\/\/www.fondazionecsc.it\/en\/prodotto\/carmelo-bene\/\">Carmelo Bene<\/a><\/div>\n                    <div class=\"c2i-prodotti-slider-txt\">Giancarlo Mancini (edited by)<\/div>\n                    <div class=\"c2i-prodotti-slider-txt\"><\/div>\n                    <!--<div class=\"c2i-prodotti-slider-prezzo\">\u20ac 22,00<\/div>-->\n        <div class=\"c2i-prodotti-slider-prezzo\">\u20ac 22,00<\/div>\n                <\/div>\n            <\/div>\n        \n                <\/div>\n                <div class=\"swiper-button-next swiper-button-next-6077\"><\/div>\n                <div class=\"swiper-button-prev swiper-button-prev-6077\"><\/div>\n                <div class=\"swiper-pagination-6077\"><\/div>\n            <\/div>\n        <\/div>\n    <\/div>\n<\/section>","protected":false},"excerpt":{"rendered":"","protected":false},"author":2,"featured_media":0,"parent":0,"menu_order":0,"comment_status":"closed","ping_status":"closed","template":"page-templates\/fullwidthpage.php","meta":{"_acf_changed":false,"footnotes":""},"settore":[79],"class_list":["post-38066","page","type-page","status-publish","hentry","settore-editoria-en"],"acf":[],"yoast_head":"<!-- This site is optimized with the Yoast SEO plugin v27.5 - https:\/\/yoast.com\/product\/yoast-seo-wordpress\/ -->\n<title>Publishing - Centro Sperimentale di Cinematografia<\/title>\n<meta name=\"robots\" content=\"index, follow, max-snippet:-1, max-image-preview:large, max-video-preview:-1\" \/>\n<link rel=\"canonical\" href=\"https:\/\/www.fondazionecsc.it\/en\/publishing\/\" \/>\n<meta property=\"og:locale\" content=\"en_US\" \/>\n<meta property=\"og:type\" content=\"article\" \/>\n<meta property=\"og:title\" content=\"Publishing - Centro Sperimentale di Cinematografia\" \/>\n<meta property=\"og:url\" content=\"https:\/\/www.fondazionecsc.it\/en\/publishing\/\" \/>\n<meta property=\"og:site_name\" content=\"Centro Sperimentale di Cinematografia\" \/>\n<meta property=\"article:modified_time\" content=\"2025-05-20T13:19:42+00:00\" \/>\n<meta name=\"twitter:card\" content=\"summary_large_image\" \/>\n<script type=\"application\/ld+json\" class=\"yoast-schema-graph\">{\"@context\":\"https:\\\/\\\/schema.org\",\"@graph\":[{\"@type\":\"WebPage\",\"@id\":\"https:\\\/\\\/www.fondazionecsc.it\\\/en\\\/publishing\\\/\",\"url\":\"https:\\\/\\\/www.fondazionecsc.it\\\/en\\\/publishing\\\/\",\"name\":\"Publishing - Centro Sperimentale di Cinematografia\",\"isPartOf\":{\"@id\":\"https:\\\/\\\/www.fondazionecsc.it\\\/en\\\/#website\"},\"datePublished\":\"2019-11-12T05:26:47+00:00\",\"dateModified\":\"2025-05-20T13:19:42+00:00\",\"breadcrumb\":{\"@id\":\"https:\\\/\\\/www.fondazionecsc.it\\\/en\\\/publishing\\\/#breadcrumb\"},\"inLanguage\":\"en-US\",\"potentialAction\":[{\"@type\":\"ReadAction\",\"target\":[\"https:\\\/\\\/www.fondazionecsc.it\\\/en\\\/publishing\\\/\"]}]},{\"@type\":\"BreadcrumbList\",\"@id\":\"https:\\\/\\\/www.fondazionecsc.it\\\/en\\\/publishing\\\/#breadcrumb\",\"itemListElement\":[{\"@type\":\"ListItem\",\"position\":1,\"name\":\"Home\",\"item\":\"https:\\\/\\\/www.fondazionecsc.it\\\/en\\\/\"},{\"@type\":\"ListItem\",\"position\":2,\"name\":\"Publishing\"}]},{\"@type\":\"WebSite\",\"@id\":\"https:\\\/\\\/www.fondazionecsc.it\\\/en\\\/#website\",\"url\":\"https:\\\/\\\/www.fondazionecsc.it\\\/en\\\/\",\"name\":\"Centro Sperimentale di Cinematografia\",\"description\":\"\",\"potentialAction\":[{\"@type\":\"SearchAction\",\"target\":{\"@type\":\"EntryPoint\",\"urlTemplate\":\"https:\\\/\\\/www.fondazionecsc.it\\\/en\\\/?s={search_term_string}\"},\"query-input\":{\"@type\":\"PropertyValueSpecification\",\"valueRequired\":true,\"valueName\":\"search_term_string\"}}],\"inLanguage\":\"en-US\"}]}<\/script>\n<!-- \/ Yoast SEO plugin. -->","yoast_head_json":{"title":"Publishing - Centro Sperimentale di Cinematografia","robots":{"index":"index","follow":"follow","max-snippet":"max-snippet:-1","max-image-preview":"max-image-preview:large","max-video-preview":"max-video-preview:-1"},"canonical":"https:\/\/www.fondazionecsc.it\/en\/publishing\/","og_locale":"en_US","og_type":"article","og_title":"Publishing - Centro Sperimentale di Cinematografia","og_url":"https:\/\/www.fondazionecsc.it\/en\/publishing\/","og_site_name":"Centro Sperimentale di Cinematografia","article_modified_time":"2025-05-20T13:19:42+00:00","twitter_card":"summary_large_image","schema":{"@context":"https:\/\/schema.org","@graph":[{"@type":"WebPage","@id":"https:\/\/www.fondazionecsc.it\/en\/publishing\/","url":"https:\/\/www.fondazionecsc.it\/en\/publishing\/","name":"Publishing - Centro Sperimentale di Cinematografia","isPartOf":{"@id":"https:\/\/www.fondazionecsc.it\/en\/#website"},"datePublished":"2019-11-12T05:26:47+00:00","dateModified":"2025-05-20T13:19:42+00:00","breadcrumb":{"@id":"https:\/\/www.fondazionecsc.it\/en\/publishing\/#breadcrumb"},"inLanguage":"en-US","potentialAction":[{"@type":"ReadAction","target":["https:\/\/www.fondazionecsc.it\/en\/publishing\/"]}]},{"@type":"BreadcrumbList","@id":"https:\/\/www.fondazionecsc.it\/en\/publishing\/#breadcrumb","itemListElement":[{"@type":"ListItem","position":1,"name":"Home","item":"https:\/\/www.fondazionecsc.it\/en\/"},{"@type":"ListItem","position":2,"name":"Publishing"}]},{"@type":"WebSite","@id":"https:\/\/www.fondazionecsc.it\/en\/#website","url":"https:\/\/www.fondazionecsc.it\/en\/","name":"Centro Sperimentale di Cinematografia","description":"","potentialAction":[{"@type":"SearchAction","target":{"@type":"EntryPoint","urlTemplate":"https:\/\/www.fondazionecsc.it\/en\/?s={search_term_string}"},"query-input":{"@type":"PropertyValueSpecification","valueRequired":true,"valueName":"search_term_string"}}],"inLanguage":"en-US"}]}},"_links":{"self":[{"href":"https:\/\/www.fondazionecsc.it\/en\/wp-json\/wp\/v2\/pages\/38066","targetHints":{"allow":["GET"]}}],"collection":[{"href":"https:\/\/www.fondazionecsc.it\/en\/wp-json\/wp\/v2\/pages"}],"about":[{"href":"https:\/\/www.fondazionecsc.it\/en\/wp-json\/wp\/v2\/types\/page"}],"author":[{"embeddable":true,"href":"https:\/\/www.fondazionecsc.it\/en\/wp-json\/wp\/v2\/users\/2"}],"replies":[{"embeddable":true,"href":"https:\/\/www.fondazionecsc.it\/en\/wp-json\/wp\/v2\/comments?post=38066"}],"version-history":[{"count":17,"href":"https:\/\/www.fondazionecsc.it\/en\/wp-json\/wp\/v2\/pages\/38066\/revisions"}],"predecessor-version":[{"id":150323,"href":"https:\/\/www.fondazionecsc.it\/en\/wp-json\/wp\/v2\/pages\/38066\/revisions\/150323"}],"wp:attachment":[{"href":"https:\/\/www.fondazionecsc.it\/en\/wp-json\/wp\/v2\/media?parent=38066"}],"wp:term":[{"taxonomy":"settore","embeddable":true,"href":"https:\/\/www.fondazionecsc.it\/en\/wp-json\/wp\/v2\/settore?post=38066"}],"curies":[{"name":"wp","href":"https:\/\/api.w.org\/{rel}","templated":true}]}}