{"id":37972,"date":"2019-11-12T06:25:17","date_gmt":"2019-11-12T05:25:17","guid":{"rendered":"http:\/\/www.fondazionecsc.it\/chi-siamo\/la-nostra-storia\/"},"modified":"2025-01-14T12:47:33","modified_gmt":"2025-01-14T10:47:33","slug":"our-history","status":"publish","type":"page","link":"https:\/\/www.fondazionecsc.it\/en\/about-us\/our-history\/","title":{"rendered":"Our history"},"content":{"rendered":"<section class=\"c2i-banner-slider\">\n    <script>\n        var bannerSwiper;\n        jQuery(function() {\n\n        });\n\n        function bannerSlideNext() {\n            console.log(\"next\");\n            bannerSwiper.slideNext();\n        }\n        function bannerSlidePrev() {\n            console.log(\"prev\");\n            bannerSwiper.slidePrev();\n        }\n    <\/script>\n\n    <div class=\"container-fluid no-padding\">\n        <div class=\"row no-margin\">\n            <div class=\"col-12 no-padding\">\n                <div class=\"swiper-container swiper-container-banner-5933\">\n                    <div class=\"swiper-wrapper\">\n\n            <div class=\"swiper-slide\" >\n                <div class=\"mobile-hide\" style=\"background: transparent url('https:\/\/www.fondazionecsc.it\/wp-content\/uploads\/2019\/11\/testatai.jpg') no-repeat center center; background-size: cover;\"><img decoding=\"async\" src=\"https:\/\/www.fondazionecsc.it\/wp-content\/themes\/understrap-child\/img\/c2i-banner-small-slider-spacer.png\" alt=\"Centro Sperimentale di Cinematografia\"><\/div>            \n                <div class=\"desktop-hide\" style=\"background: transparent url('https:\/\/www.fondazionecsc.it\/wp-content\/uploads\/2019\/11\/testatai.jpg') no-repeat center center; background-size: cover;\"><img decoding=\"async\" src=\"https:\/\/www.fondazionecsc.it\/wp-content\/themes\/understrap-child\/img\/c2i-banner-slider-mobile-spacer.png\" alt=\"Centro Sperimentale di Cinematografia\"><\/div>                \n                <div class=\"c2i-banner-slider-block\">\n            \n                    <\/div>\n                <\/div>\n            \n                    <\/div>\n\n                <\/div>\n            <\/div>\n        <\/div>\n    <\/div>\n<\/section>\n\n\n    <script>\n        jQuery(function() {\n        });\n    <\/script>\n<section id=\"c2i-breadcrumbs-page\" class=\"c2i-breadcrumbs\">\n    <div class=\"container-fluid\">\n        <div class=\"row\">\n            <div class=\"col-12\">\n                <div class=\"c2i-breadcrumbs-area\"><a href=\"https:\/\/www.fondazionecsc.it\/en\/\">Home<\/a> > Our history<\/div>\n            <\/div>\n        <\/div>\n    <\/div>\n<\/section>\n\n\r\n            <script>\r\n                jQuery(function() {\r\n                });\r\n            <\/script>\r\n        <section class=\"c2i-titolo\">\r\n            <div class=\"container\">\r\n                <div class=\"row\">\r\n                    <div class=\"col-12\">\r\n                        <div class=\"c2i-titolo-container\">\r\n        <div class=\"c2i-titolo-title\"><h1>Our history<\/h1><\/div><div class=\"c2i-titolo-txt\"><p>The idea of creating a national school of cinematography dates back to 1930 \u00a0and is due to the director \u00a0Alessandro Blasetti.<\/p>\n<\/div>\r\n                        <\/div>\r\n                    <\/div>\r\n                <\/div>\r\n            <\/div>\r\n        <\/section>\n\n<div class=\"wp-bootstrap-blocks-container container mb-0\">\n\t\n<div class=\"wp-bootstrap-blocks-row row\">\n\t\n\n<div class=\"col-12 col-md-8\">\n\t\t\t\n\n    <script>\n        jQuery(function() {\n        });\n    <\/script>\n<section class=\"c2i-testo c2i-testo-normal\">\n    <div class=\"container\">\n        <div class=\"row\">\n            <div class=\"col-12\">\n<div class=\"c2i-testo-title\"><h2>The origins, the fascism and the First World War<\/h2>\n<p>The following year Anton Giulio Bragaglia submitted to the Entertainment Corporation a report about the foundations of this body: there is assumed a polytechnic institute dedicated to the formation of all the crafts of cinema. On the first, as a branch of the conservatory of Santa Cecilia, it was only made the part of the project dedicated to acting, with the direction of Blasetti and under the cross-check of the ministries of the National Education and the Corporations.<\/p>\n<\/div>\n            <\/div>\n        <\/div>\n    <\/div>\n<\/section>\n\n\n    <script>\n        jQuery(function() {\n\n        });\n    <\/script>\n<section class=\"c2i-gallery \">\n        <div class=\"container\">\n            <div class=\"row\">\n                <div class=\"col-12\">\n                    <div class=\"swiper-container swiper-container-gallery9984\">\n                        <div class=\"swiper-wrapper\">\n    \n                <div class=\"swiper-slide\">\n                    <div class=\"\" style=\"background: transparent url('https:\/\/www.fondazionecsc.it\/wp-content\/uploads\/2019\/11\/1935-Blasetti-Chiarini-Dino-Alfieri.jpg') no-repeat center center; background-size: cover;\">\n                        <img decoding=\"async\" src=\"https:\/\/www.fondazionecsc.it\/wp-content\/themes\/understrap-child\/img\/c2i-gallery-spacer.png\" alt=\"Luigi Chiarini, Alessandro Blasetti, Dino Alfieri al CSC, 1935\">\n                    <\/div>\n                            \n                <div class=\"c2i-gallery-didascalia\">Luigi Chiarini, Alessandro Blasetti, Dino Alfieri al CSC, 1935<\/div>\n            <\/div>\n        \n                        <\/div>\n                    <\/div>\n                <\/div>\n            <\/div>\n        <\/div>\n    <\/section>\n\n\n    <script>\n        jQuery(function() {\n        });\n    <\/script>\n<section class=\"c2i-testo c2i-testo-normal\">\n    <div class=\"container\">\n        <div class=\"row\">\n            <div class=\"col-12\">\n<div class=\"c2i-testo-title\"><div>\n<p>In 1934, the count Ciano created the Directorate General for Cinematography, which grouped the skills on cinema before divided among the various ministries, thus placing them under closer and more direct control of the regime. <strong>Luigi Freddi<\/strong> is placed at the direction of this new body, which considers the training of new levers to be the main need and, considering the action of the School insufficient, creates in its place the \u201c<strong>Centro Sperimentale di Cinematografia<\/strong>\u201d, to which the literary critic<strong> Luigi Chiarini<\/strong> puts in charge. Freddi deals with the administrative part and the relationship with the state, while Chiarini outlines the structure of the courses on the basis of a study of the very few foreign institutions that had already faced similar experiences. The aim is to combine filmmaking with extensive cultural preparation.<\/p>\n<p>The National School of Cinematography was dissolved and on April 13, 1935, the new <strong>Centro Sperimentale di Cinematografia<\/strong> temporarily settled in the basement of a middle school, while the design of the complex of Via Tuscolana, entrusted to the architects <strong>Antonio Valente<\/strong> (attachment available for download) and Pietro Aschieri, began. Construction began in 1937 with funds that, on the initiative of Freddi, were diverted from the taking of the Venice Casino to finance the company. The project has international resonance, also because the building is a jewel of the beautifully equipped architecture. With Chiarini collaborates <strong>Umberto Barbaro<\/strong>, translator of Eisenstein and Balazs, critic, narrator and playwright. Blasetti continues to teach directing, while to teach the history of cinema is called <strong>Francesco Pasinetti<\/strong> who had shot, at the age of twenty-three, the film <em>The channel of angels<\/em> based on the aesthetic canons advocated by Chiarini and Barbaro.<\/p>\n<p>The courses begin on October 1, 1935 and are divided into five branches: acting, optics, phonics, set design and production. Some teachings (aesthetics and history of cinema, social function of cinematography and art history)are in common at all addresses. The course lasts two years, plus a third for those who apply. The Centro Sperimentale di Cinematografia is equipped with a <strong>library and a cinema library<\/strong>, which it was rich of many masterpieces of world cinema. Another pillar of the Centre&#8217;s activity is the publication of &#8220;Bianco e Nero&#8221;, a magazine of history and film criticism for the absolutely innovative era. In those years the Centre also curated the publication of a series of books on technique and aesthetics in cinema and the production of educational films always on the film technique, first of which <em>L\u2019inquadratura<\/em> \u00a0of Renato May. From 1938 the Centro Sperimentale di Cinematografia began to collaborate in the creation of feature films by professionals such as <em>L\u2019ultima nemica<\/em> \u00a0of Barbaro and <em>The Sieve<\/em> \u00a0of Amleto Palermi, shot in the same establishments of the Center. In 1942 he self-produced Chiarini\u2019s film <em>Via delle cinque lune<\/em>, with the collaboration of teachers, students and alumni.<\/p>\n<\/div>\n<div>\n<p>In the last phase of the war the Centre is forced to close: it is looted by the Wermacht and in particular the Cinemathema is looted, the materials are permanently lost, with the exception of a dozen films fortuitously hidden by some employees. In this decade the Centro Sperimentale di Cinematografia is the focus of the formation of authors who will be the protagonists of the new era of Italian cinema: \u00a0<strong>Michelangelo Antonioni, Giuseppe De Santis<\/strong>, Gianni Puccini, Steno, Luigi Zampa; of actors such as Gianni Agus, Paolo Carlini, Andrea Checchi, Arnoldo Fo\u00e0, Massimo Serato; of the &#8220;divas&#8221; <strong>Clara Calamai, Carla Del Poggio<\/strong>, Irasema Dilian, Mariella Lotti and <strong>Alida Valli<\/strong>; of set designers and costume designers such as Mario Chiari, Vittorio Nino Novarese (two Oscars in the post-war period), Gianni Polidori and Maria De Matteis (who in the years to come will land in Hollywood); and of directors of photography such as Pasqualino<\/p>\n<p>We remember the somewhat anomalous cases of students like <strong>Pietro Germi<\/strong>, who graduates as an actor but becomes famous as a director; Leopoldo Trieste, who graduated as a director but became an interpreter of many Fellini and Germi films; and Dino De Laurentiis, who attended acting classes and later became one of the world&#8217;s greatest producers. And also future journalists like Ermanno Contini \u00a0and \u00a0Mario Pannunzio, or politicians like \u00a0<strong>Pietro Ingrao<\/strong>. In the years of fascism the Centre is a place of development of critical consciousness in antagonism with the regime. Among the teachers of that first, fundamental period we also remember Rudolf Arnheim (who then moved to America), the art historian Giuliano Briganti, the director and writer Corrado Pavolini, the director Ferdinando Maria Poggioli, the cinematographer Piero Portalupi, the director Piero Scharoff, the costume designer Gino Sensani, the organizer Libero Solaroli, the architect Antonio Valente.<\/p>\n<\/div>\n<\/div>\n            <\/div>\n        <\/div>\n    <\/div>\n<\/section>\n\n\n    <script>\n        jQuery(function() {\n        });\n    <\/script>\n<section class=\"c2i-testo c2i-testo-normal\">\n    <div class=\"container\">\n        <div class=\"row\">\n            <div class=\"col-12\">\n<div class=\"c2i-testo-title\"><h2>The Post-War Period<\/h2>\n<p>Since the post-war period, the political struggle between Catholics and Marxists has led to a continuous alternation in the management of the Centro Sperimentale di Cinematografia. When it reopened in 1946, Umberto Barbaro took over as director of &#8220;Bianco e Nero&#8221;. On 20 January 1947, \u00a0the first two years were inaugurated. Michelangelo Antonioni and cinematographer Carlo Nebiolo were teaching at the Center; there are seminars held by Visconti, De Sica, Germi, Soldati, Lattuada.<\/p>\n<p>A 1949 law established the National Cinematheous and provides (for the first time in a western country) the mandatory storage of all films of national production. On 31 May 1955, \u00a0the new statute drawn up by Nicola De Pirro and Giuseppe Sala became operational, giving the Centro Sperimentale di Cinematografia an active function in the field of research and publishing, as well as the training and preservation of the national film heritage.<\/p>\n<\/div>\n            <\/div>\n        <\/div>\n    <\/div>\n<\/section>\n\n\n    <script>\n        jQuery(function() {\n\n\t\t\tvar bannerSwiper = new Swiper (\".swiper-container-gallery2055\", {\n\t\t\t\tslidesPerView: 1,\n\t\t\t\tgrabCursor: true,\n\t\t\t\tautoplay: {\n\t\t\t\t\tdelay: 2000,\n\t\t\t\t},\n\t\t\t})\n\t\t\n        });\n    <\/script>\n<section class=\"c2i-gallery \">\n        <div class=\"container\">\n            <div class=\"row\">\n                <div class=\"col-12\">\n                    <div class=\"swiper-container swiper-container-gallery2055\">\n                        <div class=\"swiper-wrapper\">\n    \n                <div class=\"swiper-slide\">\n                    <div class=\"\" style=\"background: transparent url('https:\/\/www.fondazionecsc.it\/wp-content\/uploads\/2019\/11\/1947-Luchino-Visconti.jpg') no-repeat center center; background-size: cover;\">\n                        <img decoding=\"async\" src=\"https:\/\/www.fondazionecsc.it\/wp-content\/themes\/understrap-child\/img\/c2i-gallery-spacer.png\" alt=\"1947 - Luchino Visconti\">\n                    <\/div>\n                            \n                <div class=\"c2i-gallery-didascalia\">1947 &#8211; Luchino Visconti<\/div>\n            <\/div>\n        \n                <div class=\"swiper-slide\">\n                    <div class=\"\" style=\"background: transparent url('https:\/\/www.fondazionecsc.it\/wp-content\/uploads\/2019\/11\/1949-GiuseppeDeSantis.jpg') no-repeat center center; background-size: cover;\">\n                        <img decoding=\"async\" src=\"https:\/\/www.fondazionecsc.it\/wp-content\/themes\/understrap-child\/img\/c2i-gallery-spacer.png\" alt=\"1949 - Giuseppe De Santis\">\n                    <\/div>\n                            \n                <div class=\"c2i-gallery-didascalia\">1949 &#8211; Giuseppe De Santis<\/div>\n            <\/div>\n        \n                <div class=\"swiper-slide\">\n                    <div class=\"\" style=\"background: transparent url('https:\/\/www.fondazionecsc.it\/wp-content\/uploads\/2019\/11\/1952-Chaplin.jpg') no-repeat center center; background-size: cover;\">\n                        <img decoding=\"async\" src=\"https:\/\/www.fondazionecsc.it\/wp-content\/themes\/understrap-child\/img\/c2i-gallery-spacer.png\" alt=\"1952 - Chaplin\">\n                    <\/div>\n                            \n                <div class=\"c2i-gallery-didascalia\">1952 &#8211; Chaplin<\/div>\n            <\/div>\n        \n                <div class=\"swiper-slide\">\n                    <div class=\"\" style=\"background: transparent url('https:\/\/www.fondazionecsc.it\/wp-content\/uploads\/2019\/11\/1960-Fellini.jpg') no-repeat center center; background-size: cover;\">\n                        <img decoding=\"async\" src=\"https:\/\/www.fondazionecsc.it\/wp-content\/themes\/understrap-child\/img\/c2i-gallery-spacer.png\" alt=\"1960 - Fellini\">\n                    <\/div>\n                            \n                <div class=\"c2i-gallery-didascalia\">1960 &#8211; Fellini<\/div>\n            <\/div>\n        \n                <div class=\"swiper-slide\">\n                    <div class=\"\" style=\"background: transparent url('https:\/\/www.fondazionecsc.it\/wp-content\/uploads\/2019\/11\/1963-Delaurentis.jpg') no-repeat center center; background-size: cover;\">\n                        <img decoding=\"async\" src=\"https:\/\/www.fondazionecsc.it\/wp-content\/themes\/understrap-child\/img\/c2i-gallery-spacer.png\" alt=\"1963 - Delaurentis\">\n                    <\/div>\n                            \n                <div class=\"c2i-gallery-didascalia\">1963 &#8211; Delaurentis<\/div>\n            <\/div>\n        \n                <div class=\"swiper-slide\">\n                    <div class=\"\" style=\"background: transparent url('https:\/\/www.fondazionecsc.it\/wp-content\/uploads\/2019\/11\/1964-Pasolini.jpg') no-repeat center center; background-size: cover;\">\n                        <img decoding=\"async\" src=\"https:\/\/www.fondazionecsc.it\/wp-content\/themes\/understrap-child\/img\/c2i-gallery-spacer.png\" alt=\"1964 -Pasolini\">\n                    <\/div>\n                            \n                <div class=\"c2i-gallery-didascalia\">1964 -Pasolini<\/div>\n            <\/div>\n        \n                        <\/div>\n                    <\/div>\n                <\/div>\n            <\/div>\n        <\/div>\n    <\/section>\n\n\n    <script>\n        jQuery(function() {\n        });\n    <\/script>\n<section class=\"c2i-testo c2i-testo-normal\">\n    <div class=\"container\">\n        <div class=\"row\">\n            <div class=\"col-12\">\n<div class=\"c2i-testo-title\"><p>The Centro Sperimentale di Cinematografia publishes the <em><strong>Filmlexicon degli autori e delle opere<\/strong>, <\/em>the world&#8217;s first international biofilmographic dictionary, and makes the editing film <em><strong>Antologia del Cinema italiano<\/strong>; <\/em>it is one of the promoters of the creation of the <strong>Centre International de Liaison entre les Ecoles de Cin\u00e9ma et de T\u00e9l\u00e9vision<\/strong> (CILECT); it equips itself with television structures, transforming one of its soundstage and demonstrating, among the first schools in the world, a strong interest in the new medium. In these years it became a reference point not only for Italian cinema, but for the cinema all over the world.\u00a0Many aspiring filmmakers are from foreign countries. A case among many: alumni <strong>Gabriel Garc\u00eda M\u00e1rquez and Fernando Birri<\/strong> founded the Cuban Film School, that is still the most important in Latin America.<\/p>\n<p>Other students of this period include directors <strong>Silvano Agosti, Marco Bellocchio, Liliana Cavani<\/strong>, Roberto Faenza, Nanni Loy, Francesco Maselli, Folco Quilici,but also Antonello Falqui, one of Italy&#8217;s leading directors of television variety; cinematographers <strong>Giuseppe Lanci, Vittorio Storaro, Luciano Tovoli, Nestor Almendros and Renato Berta<\/strong>; the set designers Francesco Bronzi, Gian Tito Burchiellaro, Mario Garbuglia and Beni Montresor; actors \u00a0<strong>Claudia Cardinale<\/strong>, Antonio Cifariello, Carla Gravina, <strong>Paola Pitagora<\/strong>, Stefano Satta Flores, but also Renato De Carmine and Giulia Lazzarini,who will become pillars of the theater company directed by Giorgio Strehler, the tv showgirl \u00a0Raffaella Carr\u00e0 and <strong>Domenico Modugno<\/strong>, &#8220;Mister Volare&#8221;; the writers Manuel Puig and Angelo Maria Ripellino.<\/p>\n<p>Among the teachers of these years, in addition to those already remembered: <strong>Paola Borboni, Andrea Camilleri, Veniero Colasanti, Luigi Comencini, Orazio Costa<\/strong>, Edmo Fenoglio, Nanni Loy, Virgilio Marchi, Luciano Mondolfo, <strong>Antonio Pietrangeli<\/strong>.<\/p>\n<\/div>\n            <\/div>\n        <\/div>\n    <\/div>\n<\/section>\n\n\n    <script>\n        jQuery(function() {\n        });\n    <\/script>\n<section class=\"c2i-testo c2i-testo-normal\">\n    <div class=\"container\">\n        <div class=\"row\">\n            <div class=\"col-12\">\n<div class=\"c2i-testo-title\"><h2>The 68th and Roberto Rossellini<\/h2>\n<p>In 1968 Roberto Rossellini was appointed special commissioner of the Centro Sperimentale di Cinematografia, and held this position with the idea of setting in motion interdisciplinary research on the whole of the mass media, with an eye on television; also aims to radically rethink normal courses. The technical ones are joined by courses in psychology, history, economics and sociology, in a new order that no longer provides for the parcelling of the different crafts of cinema, but aims at the formation of &#8220;<strong>global filmmakers<\/strong>&#8220;.<\/p>\n<\/div>\n            <\/div>\n        <\/div>\n    <\/div>\n<\/section>\n\n\n    <script>\n        jQuery(function() {\n\n\t\t\tvar bannerSwiper = new Swiper (\".swiper-container-gallery79\", {\n\t\t\t\tslidesPerView: 1,\n\t\t\t\tgrabCursor: true,\n\t\t\t\tautoplay: {\n\t\t\t\t\tdelay: 2000,\n\t\t\t\t},\n\t\t\t})\n\t\t\n        });\n    <\/script>\n<section class=\"c2i-gallery \">\n        <div class=\"container\">\n            <div class=\"row\">\n                <div class=\"col-12\">\n                    <div class=\"swiper-container swiper-container-gallery79\">\n                        <div class=\"swiper-wrapper\">\n    \n                <div class=\"swiper-slide\">\n                    <div class=\"\" style=\"background: transparent url('https:\/\/www.fondazionecsc.it\/wp-content\/uploads\/2019\/11\/1968-Rossellini.jpg') no-repeat center center; background-size: cover;\">\n                        <img decoding=\"async\" src=\"https:\/\/www.fondazionecsc.it\/wp-content\/themes\/understrap-child\/img\/c2i-gallery-spacer.png\" alt=\"1968 - Rossellini\">\n                    <\/div>\n                            \n                <div class=\"c2i-gallery-didascalia\">1968 &#8211; Rossellini<\/div>\n            <\/div>\n        \n                <div class=\"swiper-slide\">\n                    <div class=\"\" style=\"background: transparent url('https:\/\/www.fondazionecsc.it\/wp-content\/uploads\/2019\/11\/1978-Rosi.jpg') no-repeat center center; background-size: cover;\">\n                        <img decoding=\"async\" src=\"https:\/\/www.fondazionecsc.it\/wp-content\/themes\/understrap-child\/img\/c2i-gallery-spacer.png\" alt=\"1978 - Rosi\">\n                    <\/div>\n                            \n                <div class=\"c2i-gallery-didascalia\">1978 &#8211; Rosi<\/div>\n            <\/div>\n        \n                        <\/div>\n                    <\/div>\n                <\/div>\n            <\/div>\n        <\/div>\n    <\/section>\n\n\n    <script>\n        jQuery(function() {\n        });\n    <\/script>\n<section class=\"c2i-testo c2i-testo-normal\">\n    <div class=\"container\">\n        <div class=\"row\">\n            <div class=\"col-12\">\n<div class=\"c2i-testo-title\"><p>The student movements and intellectual protests of 1968-1972 put many Italian film institutions such as the Venice Film Festival in crisis and caused serious difficulties to the Rossellini experiment. In 1974, the Ministry of Tourism and Entertainment removed Rossellini from office. Among the students of these years we remember <strong>Carlo Verdone and Peter Del Monte<\/strong>, and, among the teachers, <strong>Ennio Guarnieri, Carlo Lizzani, Vittorio Storaro, Valerio Zurlini.<\/strong><\/p>\n<\/div>\n            <\/div>\n        <\/div>\n    <\/div>\n<\/section>\n\n\n    <script>\n        jQuery(function() {\n        });\n    <\/script>\n<section class=\"c2i-testo c2i-testo-normal\">\n    <div class=\"container\">\n        <div class=\"row\">\n            <div class=\"col-12\">\n<div class=\"c2i-testo-title\"><h2>From the 1980s to the 21st century<\/h2>\n<p>In 1981, while the 37th congress of the F<strong>\u00e9d\u00e9ration Internationale des Archives du Film<\/strong> (FIAF) takes place at the Scuola Nazionale di Cinema, the school went back to the distinction of the courses through professional orientation: directing, filming (i.e. film photography), set design and costume, organization of production. The Board of Directors was reassembled in 1982: fifteen members of public and private bodies are part of it.<\/p>\n<p><strong>Giovanni Grazzini<\/strong> is appointed to the presidency and <strong>Ernesto G. Laura<\/strong> to the directorship. The first call for the new management was published in 1983 and included 50 places divided into 35 Italians and 15 foreigners. The acting course is experimentally restored.\u00a0The Centro Sperimentale di Cinematografia reaches an agreement with the Producers Union for the inclusion of its graduates in the production activity.<\/p>\n<\/div>\n            <\/div>\n        <\/div>\n    <\/div>\n<\/section>\n\n\n    <script>\n        jQuery(function() {\n\n\t\t\tvar bannerSwiper = new Swiper (\".swiper-container-gallery4924\", {\n\t\t\t\tslidesPerView: 1,\n\t\t\t\tgrabCursor: true,\n\t\t\t\tautoplay: {\n\t\t\t\t\tdelay: 2000,\n\t\t\t\t},\n\t\t\t})\n\t\t\n        });\n    <\/script>\n<section class=\"c2i-gallery \">\n        <div class=\"container\">\n            <div class=\"row\">\n                <div class=\"col-12\">\n                    <div class=\"swiper-container swiper-container-gallery4924\">\n                        <div class=\"swiper-wrapper\">\n    \n                <div class=\"swiper-slide\">\n                    <div class=\"\" style=\"background: transparent url('https:\/\/www.fondazionecsc.it\/wp-content\/uploads\/2019\/11\/1982-Capra.jpg') no-repeat center center; background-size: cover;\">\n                        <img decoding=\"async\" src=\"https:\/\/www.fondazionecsc.it\/wp-content\/themes\/understrap-child\/img\/c2i-gallery-spacer.png\" alt=\"1982 - Capra\">\n                    <\/div>\n                            \n                <div class=\"c2i-gallery-didascalia\">1982 &#8211; Capra<\/div>\n            <\/div>\n        \n                <div class=\"swiper-slide\">\n                    <div class=\"\" style=\"background: transparent url('https:\/\/www.fondazionecsc.it\/wp-content\/uploads\/2019\/11\/1983-Coppola.jpg') no-repeat center center; background-size: cover;\">\n                        <img decoding=\"async\" src=\"https:\/\/www.fondazionecsc.it\/wp-content\/themes\/understrap-child\/img\/c2i-gallery-spacer.png\" alt=\"1983 - Coppola\">\n                    <\/div>\n                            \n                <div class=\"c2i-gallery-didascalia\">1983 &#8211; Coppola<\/div>\n            <\/div>\n        \n                <div class=\"swiper-slide\">\n                    <div class=\"\" style=\"background: transparent url('https:\/\/www.fondazionecsc.it\/wp-content\/uploads\/2019\/11\/1984-BillyWilder.jpg') no-repeat center center; background-size: cover;\">\n                        <img decoding=\"async\" src=\"https:\/\/www.fondazionecsc.it\/wp-content\/themes\/understrap-child\/img\/c2i-gallery-spacer.png\" alt=\"1984 - Billy Wilder - CSC\">\n                    <\/div>\n                            \n                <div class=\"c2i-gallery-didascalia\">1984 &#8211; Billy Wilder &#8211; CSC<\/div>\n            <\/div>\n        \n                <div class=\"swiper-slide\">\n                    <div class=\"\" style=\"background: transparent url('https:\/\/www.fondazionecsc.it\/wp-content\/uploads\/2019\/11\/1984-GiancarloGiannini.jpg') no-repeat center center; background-size: cover;\">\n                        <img decoding=\"async\" src=\"https:\/\/www.fondazionecsc.it\/wp-content\/themes\/understrap-child\/img\/c2i-gallery-spacer.png\" alt=\"1984 - Giancarlo Giannini\">\n                    <\/div>\n                            \n                <div class=\"c2i-gallery-didascalia\">1984 &#8211; Giancarlo Giannini<\/div>\n            <\/div>\n        \n                <div class=\"swiper-slide\">\n                    <div class=\"\" style=\"background: transparent url('https:\/\/www.fondazionecsc.it\/wp-content\/uploads\/2019\/11\/1984-Verdone.jpg') no-repeat center center; background-size: cover;\">\n                        <img decoding=\"async\" src=\"https:\/\/www.fondazionecsc.it\/wp-content\/themes\/understrap-child\/img\/c2i-gallery-spacer.png\" alt=\"1984 - Verdone\">\n                    <\/div>\n                            \n                <div class=\"c2i-gallery-didascalia\">1984 &#8211; Verdone<\/div>\n            <\/div>\n        \n                <div class=\"swiper-slide\">\n                    <div class=\"\" style=\"background: transparent url('https:\/\/www.fondazionecsc.it\/wp-content\/uploads\/2019\/11\/1986-Bellocchio.jpg') no-repeat center center; background-size: cover;\">\n                        <img decoding=\"async\" src=\"https:\/\/www.fondazionecsc.it\/wp-content\/themes\/understrap-child\/img\/c2i-gallery-spacer.png\" alt=\"\">\n                    <\/div>\n                            \n                <div class=\"c2i-gallery-didascalia\"><\/div>\n            <\/div>\n        \n                <div class=\"swiper-slide\">\n                    <div class=\"\" style=\"background: transparent url('https:\/\/www.fondazionecsc.it\/wp-content\/uploads\/2019\/11\/1985-benigni-1.jpg') no-repeat center center; background-size: cover;\">\n                        <img decoding=\"async\" src=\"https:\/\/www.fondazionecsc.it\/wp-content\/themes\/understrap-child\/img\/c2i-gallery-spacer.png\" alt=\"\">\n                    <\/div>\n                            \n                <div class=\"c2i-gallery-didascalia\"><\/div>\n            <\/div>\n        \n                <div class=\"swiper-slide\">\n                    <div class=\"\" style=\"background: transparent url('https:\/\/www.fondazionecsc.it\/wp-content\/uploads\/2019\/11\/1986-Kurosawa.jpg') no-repeat center center; background-size: cover;\">\n                        <img decoding=\"async\" src=\"https:\/\/www.fondazionecsc.it\/wp-content\/themes\/understrap-child\/img\/c2i-gallery-spacer.png\" alt=\"\">\n                    <\/div>\n                            \n                <div class=\"c2i-gallery-didascalia\"><\/div>\n            <\/div>\n        \n                <div class=\"swiper-slide\">\n                    <div class=\"\" style=\"background: transparent url('https:\/\/www.fondazionecsc.it\/wp-content\/uploads\/2019\/11\/1986-Virzi.jpg') no-repeat center center; background-size: cover;\">\n                        <img decoding=\"async\" src=\"https:\/\/www.fondazionecsc.it\/wp-content\/themes\/understrap-child\/img\/c2i-gallery-spacer.png\" alt=\"\">\n                    <\/div>\n                            \n                <div class=\"c2i-gallery-didascalia\"><\/div>\n            <\/div>\n        \n                <div class=\"swiper-slide\">\n                    <div class=\"\" style=\"background: transparent url('https:\/\/www.fondazionecsc.it\/wp-content\/uploads\/2019\/11\/1992-SpikeLee-Wertmulle.jpg') no-repeat center center; background-size: cover;\">\n                        <img decoding=\"async\" src=\"https:\/\/www.fondazionecsc.it\/wp-content\/themes\/understrap-child\/img\/c2i-gallery-spacer.png\" alt=\"\">\n                    <\/div>\n                            \n                <div class=\"c2i-gallery-didascalia\"><\/div>\n            <\/div>\n        \n                <div class=\"swiper-slide\">\n                    <div class=\"\" style=\"background: transparent url('https:\/\/www.fondazionecsc.it\/wp-content\/uploads\/2019\/11\/2002-Wertmuller.jpg') no-repeat center center; background-size: cover;\">\n                        <img decoding=\"async\" src=\"https:\/\/www.fondazionecsc.it\/wp-content\/themes\/understrap-child\/img\/c2i-gallery-spacer.png\" alt=\"\">\n                    <\/div>\n                            \n                <div class=\"c2i-gallery-didascalia\"><\/div>\n            <\/div>\n        \n                <div class=\"swiper-slide\">\n                    <div class=\"\" style=\"background: transparent url('https:\/\/www.fondazionecsc.it\/wp-content\/uploads\/2019\/11\/2003-Garrone.jpg') no-repeat center center; background-size: cover;\">\n                        <img decoding=\"async\" src=\"https:\/\/www.fondazionecsc.it\/wp-content\/themes\/understrap-child\/img\/c2i-gallery-spacer.png\" alt=\"Matteo Garrone\">\n                    <\/div>\n                            \n                <div class=\"c2i-gallery-didascalia\">Matteo Garrone<\/div>\n            <\/div>\n        \n                <div class=\"swiper-slide\">\n                    <div class=\"\" style=\"background: transparent url('https:\/\/www.fondazionecsc.it\/wp-content\/uploads\/2019\/11\/1986-Bellocchio-1.jpg') no-repeat center center; background-size: cover;\">\n                        <img decoding=\"async\" src=\"https:\/\/www.fondazionecsc.it\/wp-content\/themes\/understrap-child\/img\/c2i-gallery-spacer.png\" alt=\"\">\n                    <\/div>\n                            \n                <div class=\"c2i-gallery-didascalia\"><\/div>\n            <\/div>\n        \n                        <\/div>\n                    <\/div>\n                <\/div>\n            <\/div>\n        <\/div>\n    <\/section>\n\n\n    <script>\n        jQuery(function() {\n        });\n    <\/script>\n<section class=\"c2i-testo c2i-testo-normal\">\n    <div class=\"container\">\n        <div class=\"row\">\n            <div class=\"col-12\">\n<div class=\"c2i-testo-title\"><p>1987 is an unlucky year: there are problems in the Board of Directors and a fire destroys Theatre 1 where, among other things, about 3000 films were kept. Since 1988, Grazzini has been succeeded by director Lina Wertm, producer Alfredo Bini and university professors Orio Caldiron and Lino Miccich\u00e8, who run the Centre in different styles, and promote a general renewal. In 1991 the National Cinema presented in Venice the restored copy of <em>Il Gattopardo, <\/em>the first stage of a restoration effort that will become systematic.<\/p>\n<p>There is a wide range of publishing activities, including the powerful <em>history of Italian cinema<\/em> in 15 volumes. The computerisation and the increase of structures continues.<\/p>\n<p>The Centro Sperimentale di Cinematografia also takes a central place in the international context, taking over for eight years the chairmanship of the<strong> Groupement Europ\u00e9en des Ecoles de Cin\u00e9ma et de T\u00e9l\u00e9vision<\/strong> (GEECT) and \u2013 since 2000 \u2013 that of the <strong>Centre International de Liaison des Ecoles de Cin\u00e9ma et de T\u00e9l\u00e9vision<\/strong> (CILECT).<\/p>\n<p>In 2002, the sociologist <strong>Francesco Alberoni<\/strong>, rector until 2001 of the IULM University in Milan, became President. He is joined as advisers by the set designer <strong>Dante Ferretti, the actor Giancarlo Giannini<\/strong>, the painter, sculptor and expert in the mechanics of the movement <strong>Carlo Rambaldi<\/strong> and the writer and publicist <strong>Gavino Sanna<\/strong>.<\/p>\n<p>The Centro Sperimentale di Cinematografia diversifies on the national territory: the School dedicated to animation cinema is enhanced in <strong>Turin<\/strong>; in <strong>Ivrea the National Archive of Corporate Cinema<\/strong> is established; in Milan, in the <strong>Lombardy Headquarters<\/strong>, courses are created in Business Cinematography: Documentary and Advertising and Creation and Fiction Production, in addition to the Research Center and the Laboratory of Cinema.\u00a0In addition, in 2008 the <strong>Sicilian Headquarters<\/strong> was established in Palermo and, in 2011, the new <strong>headquarters of the CSC in L&#8217;Aquila<\/strong> for the training of film-makers specialized in the field of historical and current reporting. And in 2019 has been established a school of film restoration in <strong>Lecce, Puglia<\/strong>.<\/p>\n<\/div>\n            <\/div>\n        <\/div>\n    <\/div>\n<\/section>\n\n\n    <script>\n        jQuery(function() {\n\n\t\t\tvar bannerSwiper = new Swiper (\".swiper-container-gallery7837\", {\n\t\t\t\tslidesPerView: 1,\n\t\t\t\tgrabCursor: true,\n\t\t\t\tautoplay: {\n\t\t\t\t\tdelay: 2000,\n\t\t\t\t},\n\t\t\t})\n\t\t\n        });\n    <\/script>\n<section class=\"c2i-gallery \">\n        <div class=\"container\">\n            <div class=\"row\">\n                <div class=\"col-12\">\n                    <div class=\"swiper-container swiper-container-gallery7837\">\n                        <div class=\"swiper-wrapper\">\n    \n                <div class=\"swiper-slide\">\n                    <div class=\"\" style=\"background: transparent url('https:\/\/www.fondazionecsc.it\/wp-content\/uploads\/2019\/11\/2009-Sorrentino.jpg') no-repeat center center; background-size: cover;\">\n                        <img decoding=\"async\" src=\"https:\/\/www.fondazionecsc.it\/wp-content\/themes\/understrap-child\/img\/c2i-gallery-spacer.png\" alt=\"Paolo Sorrentino\">\n                    <\/div>\n                            \n                <div class=\"c2i-gallery-didascalia\">Paolo Sorrentino<\/div>\n            <\/div>\n        \n                <div class=\"swiper-slide\">\n                    <div class=\"\" style=\"background: transparent url('https:\/\/www.fondazionecsc.it\/wp-content\/uploads\/2019\/11\/2011-Jannis-Kounellis.jpg') no-repeat center center; background-size: cover;\">\n                        <img decoding=\"async\" src=\"https:\/\/www.fondazionecsc.it\/wp-content\/themes\/understrap-child\/img\/c2i-gallery-spacer.png\" alt=\"Jannis-Kounellis\">\n                    <\/div>\n                            \n                <div class=\"c2i-gallery-didascalia\">Jannis-Kounellis<\/div>\n            <\/div>\n        \n                <div class=\"swiper-slide\">\n                    <div class=\"\" style=\"background: transparent url('https:\/\/www.fondazionecsc.it\/wp-content\/uploads\/2019\/11\/2011-WoodyAllen.jpg') no-repeat center center; background-size: cover;\">\n                        <img decoding=\"async\" src=\"https:\/\/www.fondazionecsc.it\/wp-content\/themes\/understrap-child\/img\/c2i-gallery-spacer.png\" alt=\"Woody Allen\">\n                    <\/div>\n                            \n                <div class=\"c2i-gallery-didascalia\">Woody Allen<\/div>\n            <\/div>\n        \n                <div class=\"swiper-slide\">\n                    <div class=\"\" style=\"background: transparent url('https:\/\/www.fondazionecsc.it\/wp-content\/uploads\/2019\/11\/2012-Gilliam.jpg') no-repeat center center; background-size: cover;\">\n                        <img decoding=\"async\" src=\"https:\/\/www.fondazionecsc.it\/wp-content\/themes\/understrap-child\/img\/c2i-gallery-spacer.png\" alt=\"Terry Gilliam\">\n                    <\/div>\n                            \n                <div class=\"c2i-gallery-didascalia\">Terry Gilliam<\/div>\n            <\/div>\n        \n                <div class=\"swiper-slide\">\n                    <div class=\"\" style=\"background: transparent url('https:\/\/www.fondazionecsc.it\/wp-content\/uploads\/2019\/11\/2012-Morricone.jpg') no-repeat center center; background-size: cover;\">\n                        <img decoding=\"async\" src=\"https:\/\/www.fondazionecsc.it\/wp-content\/themes\/understrap-child\/img\/c2i-gallery-spacer.png\" alt=\"Giancarlo Giannini e Ennio Morricone\">\n                    <\/div>\n                            \n                <div class=\"c2i-gallery-didascalia\">Giancarlo Giannini e Ennio Morricone<\/div>\n            <\/div>\n        \n                <div class=\"swiper-slide\">\n                    <div class=\"\" style=\"background: transparent url('https:\/\/www.fondazionecsc.it\/wp-content\/uploads\/2019\/11\/2012-Rotunno-Tosi.jpg') no-repeat center center; background-size: cover;\">\n                        <img decoding=\"async\" src=\"https:\/\/www.fondazionecsc.it\/wp-content\/themes\/understrap-child\/img\/c2i-gallery-spacer.png\" alt=\"Piero Tosi e Peppino Rotunno\">\n                    <\/div>\n                            \n                <div class=\"c2i-gallery-didascalia\">Piero Tosi e Peppino Rotunno<\/div>\n            <\/div>\n        \n                <div class=\"swiper-slide\">\n                    <div class=\"\" style=\"background: transparent url('https:\/\/www.fondazionecsc.it\/wp-content\/uploads\/2019\/11\/2014-Luchetti.jpg') no-repeat center center; background-size: cover;\">\n                        <img decoding=\"async\" src=\"https:\/\/www.fondazionecsc.it\/wp-content\/themes\/understrap-child\/img\/c2i-gallery-spacer.png\" alt=\"Daniele Luchetti docente al CSC\">\n                    <\/div>\n                            \n                <div class=\"c2i-gallery-didascalia\">Daniele Luchetti docente al CSC<\/div>\n            <\/div>\n        \n                <div class=\"swiper-slide\">\n                    <div class=\"\" style=\"background: transparent url('https:\/\/www.fondazionecsc.it\/wp-content\/uploads\/2019\/11\/2014-Perpignani.jpg') no-repeat center center; background-size: cover;\">\n                        <img decoding=\"async\" src=\"https:\/\/www.fondazionecsc.it\/wp-content\/themes\/understrap-child\/img\/c2i-gallery-spacer.png\" alt=\"Roberto Perpignani\">\n                    <\/div>\n                            \n                <div class=\"c2i-gallery-didascalia\">Roberto Perpignani<\/div>\n            <\/div>\n        \n                <div class=\"swiper-slide\">\n                    <div class=\"\" style=\"background: transparent url('https:\/\/www.fondazionecsc.it\/wp-content\/uploads\/2019\/11\/2018-Frigeri.jpg') no-repeat center center; background-size: cover;\">\n                        <img decoding=\"async\" src=\"https:\/\/www.fondazionecsc.it\/wp-content\/themes\/understrap-child\/img\/c2i-gallery-spacer.png\" alt=\"Francesco Frigeri\">\n                    <\/div>\n                            \n                <div class=\"c2i-gallery-didascalia\">Francesco Frigeri<\/div>\n            <\/div>\n        \n                <div class=\"swiper-slide\">\n                    <div class=\"\" style=\"background: transparent url('https:\/\/www.fondazionecsc.it\/wp-content\/uploads\/2019\/11\/2018-GiuseppeLanci.jpg') no-repeat center center; background-size: cover;\">\n                        <img decoding=\"async\" src=\"https:\/\/www.fondazionecsc.it\/wp-content\/themes\/understrap-child\/img\/c2i-gallery-spacer.png\" alt=\"Giuseppe Lanci docente di fotografia al CSC\">\n                    <\/div>\n                            \n                <div class=\"c2i-gallery-didascalia\">Giuseppe Lanci docente di fotografia al CSC<\/div>\n            <\/div>\n        \n                <div class=\"swiper-slide\">\n                    <div class=\"\" style=\"background: transparent url('https:\/\/www.fondazionecsc.it\/wp-content\/uploads\/2019\/11\/2018-MaselliDomenico.jpg') no-repeat center center; background-size: cover;\">\n                        <img decoding=\"async\" src=\"https:\/\/www.fondazionecsc.it\/wp-content\/themes\/understrap-child\/img\/c2i-gallery-spacer.png\" alt=\"Domenico Maselli, docente di produzione al CSC\">\n                    <\/div>\n                            \n                <div class=\"c2i-gallery-didascalia\">Domenico Maselli, docente di produzione al CSC<\/div>\n            <\/div>\n        \n                <div class=\"swiper-slide\">\n                    <div class=\"\" style=\"background: transparent url('https:\/\/www.fondazionecsc.it\/wp-content\/uploads\/2019\/11\/2018-Millenotti.jpg') no-repeat center center; background-size: cover;\">\n                        <img decoding=\"async\" src=\"https:\/\/www.fondazionecsc.it\/wp-content\/themes\/understrap-child\/img\/c2i-gallery-spacer.png\" alt=\"Maurizio Millenotti, docente di costume al CSC\">\n                    <\/div>\n                            \n                <div class=\"c2i-gallery-didascalia\">Maurizio Millenotti, docente di costume al CSC<\/div>\n            <\/div>\n        \n                        <\/div>\n                    <\/div>\n                <\/div>\n            <\/div>\n        <\/div>\n    <\/section>\n\n\n    <script>\n        jQuery(function() {\n        });\n    <\/script>\n<section class=\"c2i-testo c2i-testo-normal\">\n    <div class=\"container\">\n        <div class=\"row\">\n            <div class=\"col-12\">\n<div class=\"c2i-testo-title\"><p>The Centro Sperimentale di Cinematografia consolidates during this period the relations with RAI Cinema and with Medusa Film for the co-production of the graduation films of the students of the National School of Cinema made by CSC Production (a company wholly owned by the CSC).<\/p>\n<p>Among the students of these years: the directors Francesca Archibugi, Fausto Brizzi, Gabriele Muccino, Alessandro Piva, Salvatore Mereu, Eros Puglielli, Paolo Virz\u00ec, Costanza Quatriglio, Gianni Zanasi, Michele Carillo, Claudio Cupellini, the documentary filmmaker Gianfranco Pannone; the actors Carolina Crescentini, Iaia Forte, Ana Caterina Morariu, Francesca Neri, Stefania Rocca, Enrico Lo Verso, Alba Rohrwacher, Riccardo Scamarcio, Filippo Nigro, Daniela Virgilio; the editors Francesca Calvelli and Jacopo Quadri; the writers Luigi Guarnieri, Melania Mazzucco and Susanna Tamaro; the directors of \u00a0photograph Gian Enrico Bianchi and Arnaldo Catinari, the sound engineers \u00a0Giovanni Rossi and Paolo Ketoff; the costume designers \u00a0Daniela Ciancio, Silvia Nebiolo and Andrea Sorrentino. Among the teachers: Age, Gianni Amelio, Piero Berengo Gardin, Gianni Bisiach, Vincenzo Cerami, Alessandro D&#8217;Alatri, Luigi De Laurentiis, Piera Degli Esposti, Giuseppe De Santis, Franco Di Giacomo, Carlo Di Palma, Giulio Gianini, Alfredo Giannetti, Giuseppe Lanci, Roberto Perpignani, Ugo Pirro, Domenico Procacci, Giuseppe Rotunno, Furio Scarpelli, Piero Tosi.<\/p>\n<p>In 2012 <strong>Stefano Rulli<\/strong>, Italian screenwriter and director, was appointed president. At the end of 2016 he was succeeded by journalist and cultural organizer <strong>Felice Laudadio<\/strong>, former CEO of the Luce Institute, president of Cinecitt\u00e0 Holding, director of festivals such as the Venice Film Festival and the Bifest in Bari. In May 2017 she was appointed Conservator of the National Cinema <strong>Daniela Curr\u00f2<\/strong>, to which, in 2020, succeeds <strong>Paolo Cherchi Usai <\/strong>and in 2021<strong> Alberto Anile<\/strong>, while to lead the Scuola Nazionale di Cinema was confirmed <strong>Caterina d\u2019Amico<\/strong>, to which, in 2019, succeeds <strong>Adriano De Santis<\/strong>.<\/p>\n<p>In 2018 the <strong>Visual Effects &#8211; Supervisor &amp; Producer course<\/strong> was activated at the Rome headquarters with artistic directors: <strong>Renato Pezzella and Daniele Tomassetti<\/strong>. The educational direction of the regional offices is entrusted to <strong>Maurizio Nichetti<\/strong>\u00a0in Milan,\u00a0<strong>Costanza Quatriglio<\/strong> in Palermo, <strong>Daniele Segre<\/strong> (later <strong>Francesca Mannocchi<\/strong>) in L&#8217;Aquila and <strong>Chiara Magri<\/strong>, in Turin.<\/p>\n<p>In 2019, the Conservation and Management of Audiovisual Heritage Course is added to the educational offer of the Scuola Nazionale di Cinema, first located in Puglia, in Lecce, and then at the Rome headquarters.<\/p>\n<p>After <strong>Marta Donzelli<\/strong> (2021) and <strong>Sergio Castellitto<\/strong> (2023), <strong>Gabriella Buontempo<\/strong> (2025) was appointed President.<\/p>\n<\/div>\n            <\/div>\n        <\/div>\n    <\/div>\n<\/section>\n\t<\/div>\n\n\n\n<div class=\"col-12 col-md-4\">\n\t\t\t\n<div class=\"c2i-corso-sidebar-block c2i-sidebar-block-area\"><div class=\"c2i-sidebar-block-img\" style=\"background: transparent url('https:\/\/www.fondazionecsc.it\/wp-content\/uploads\/2020\/06\/mutook.jpg') no-repeat center center; background-size: cover;\"><a href=\"\/en\/our-history-publishing\/\"><img decoding=\"async\" src=\"https:\/\/www.fondazionecsc.it\/wp-content\/themes\/understrap-child\/img\/c2i-sidebar-spacer.png\" alt=\"https:\/\/www.fondazionecsc.it\/wp-content\/uploads\/2020\/06\/mutook.jpg\"><\/a><\/div><div class=\"c2i-corso-sidebar-block-title c2i-sidebar-block-title\"><a href=\"\/en\/our-history-publishing\/\">Publishing history<\/a><\/div><div class=\"c2i-corso-sidebar-block-txt c2i-sidebar-block-txt\"><p>The idea of creating a national school of cinematography dates back to 1930 \u00a0and is due to the director \u00a0Alessandro Blasetti.<\/p>\n<\/div><\/div>\n    <script>\n        jQuery(function() {\n        });\n    <\/script>\n<section class=\"c2i-sidebar\"><div class=\"c2i-corso-sidebar\"><\/div><\/section>\n\n<div class=\"c2i-corso-sidebar-block c2i-sidebar-block-area\"><div class=\"c2i-sidebar-block-img\" style=\"background: transparent url('https:\/\/www.fondazionecsc.it\/wp-content\/uploads\/2019\/11\/CSC_docok.jpg') no-repeat center center; background-size: cover;\"><a href=\"\/en\/about-us\/regional-headquarters\/\"><img decoding=\"async\" src=\"https:\/\/www.fondazionecsc.it\/wp-content\/themes\/understrap-child\/img\/c2i-sidebar-spacer.png\" alt=\"https:\/\/www.fondazionecsc.it\/wp-content\/uploads\/2019\/11\/CSC_docok.jpg\"><\/a><\/div><div class=\"c2i-corso-sidebar-block-title c2i-sidebar-block-title\"><a href=\"\/en\/about-us\/regional-headquarters\/\">Regional Headquarters<\/a><\/div><div class=\"c2i-corso-sidebar-block-txt c2i-sidebar-block-txt\"><p>The Centro Sperimentale di Cinematografia diversifies on the national territory.<\/p>\n<\/div><\/div>\n    <script>\n        jQuery(function() {\n        });\n    <\/script>\n<section class=\"c2i-sidebar\"><div class=\"c2i-corso-sidebar\"><\/div><\/section>\n\n<div class=\"c2i-corso-sidebar-block c2i-sidebar-block-area\"><div class=\"c2i-sidebar-block-img\" style=\"background: transparent url('https:\/\/www.fondazionecsc.it\/wp-content\/uploads\/2019\/11\/corso_animazione.jpg') no-repeat center center; background-size: cover;\"><a href=\"\/en\/press-area\"><img decoding=\"async\" src=\"https:\/\/www.fondazionecsc.it\/wp-content\/themes\/understrap-child\/img\/c2i-sidebar-spacer.png\" alt=\"https:\/\/www.fondazionecsc.it\/wp-content\/uploads\/2019\/11\/corso_animazione.jpg\"><\/a><\/div><div class=\"c2i-corso-sidebar-block-title c2i-sidebar-block-title\"><a href=\"\/en\/press-area\">Press Area<\/a><\/div><div class=\"c2i-corso-sidebar-block-txt c2i-sidebar-block-txt\"><p>Registrati per avere accesso ai materiali stampa.<\/p>\n<\/div><\/div>\n    <script>\n        jQuery(function() {\n        });\n    <\/script>\n<section class=\"c2i-sidebar\"><div class=\"c2i-corso-sidebar\"><\/div><\/section>\n\t<\/div>\n\n<\/div>\n\n\n\n<p><\/p>\n\n<\/div>\n","protected":false},"excerpt":{"rendered":"<p>The idea of creating a national school of cinematography dates back to 1930  and is due to the director  Alessandro Blasetti.<\/p>\n","protected":false},"author":2,"featured_media":46512,"parent":37969,"menu_order":0,"comment_status":"closed","ping_status":"closed","template":"page-templates\/fullwidthpage.php","meta":{"_acf_changed":false,"footnotes":""},"settore":[78],"class_list":["post-37972","page","type-page","status-publish","has-post-thumbnail","hentry","settore-istituzionali-en"],"acf":[],"yoast_head":"<!-- This site is optimized with the Yoast SEO plugin v27.5 - https:\/\/yoast.com\/product\/yoast-seo-wordpress\/ -->\n<title>Our history - Centro Sperimentale di Cinematografia<\/title>\n<meta name=\"description\" content=\"The idea of creating a national school of cinematography dates back to 1930 and is due to the director Alessandro Blasetti.\" \/>\n<meta name=\"robots\" content=\"index, follow, max-snippet:-1, max-image-preview:large, max-video-preview:-1\" \/>\n<link rel=\"canonical\" href=\"https:\/\/www.fondazionecsc.it\/en\/about-us\/our-history\/\" \/>\n<meta property=\"og:locale\" content=\"en_US\" \/>\n<meta property=\"og:type\" content=\"article\" \/>\n<meta property=\"og:title\" content=\"Our history - Centro Sperimentale di Cinematografia\" \/>\n<meta property=\"og:description\" content=\"The idea of creating a national school of cinematography dates back to 1930 and is due to the director Alessandro Blasetti.\" \/>\n<meta property=\"og:url\" content=\"https:\/\/www.fondazionecsc.it\/en\/about-us\/our-history\/\" \/>\n<meta property=\"og:site_name\" content=\"Centro Sperimentale di Cinematografia\" \/>\n<meta property=\"article:modified_time\" content=\"2025-01-14T10:47:33+00:00\" \/>\n<meta property=\"og:image\" content=\"https:\/\/www.fondazionecsc.it\/wp-content\/uploads\/2020\/01\/A-lezione-di-danza-ieri-1954-Archivio-storico-CSC-Cineteca-Nazionale.jpg\" \/>\n\t<meta property=\"og:image:width\" content=\"613\" \/>\n\t<meta property=\"og:image:height\" content=\"484\" \/>\n\t<meta property=\"og:image:type\" content=\"image\/jpeg\" \/>\n<meta name=\"twitter:card\" content=\"summary_large_image\" \/>\n<meta name=\"twitter:label1\" content=\"Est. reading time\" \/>\n\t<meta name=\"twitter:data1\" content=\"1 minute\" \/>\n<script type=\"application\/ld+json\" class=\"yoast-schema-graph\">{\"@context\":\"https:\\\/\\\/schema.org\",\"@graph\":[{\"@type\":\"WebPage\",\"@id\":\"https:\\\/\\\/www.fondazionecsc.it\\\/en\\\/about-us\\\/our-history\\\/\",\"url\":\"https:\\\/\\\/www.fondazionecsc.it\\\/en\\\/about-us\\\/our-history\\\/\",\"name\":\"Our history - Centro Sperimentale di Cinematografia\",\"isPartOf\":{\"@id\":\"https:\\\/\\\/www.fondazionecsc.it\\\/en\\\/#website\"},\"primaryImageOfPage\":{\"@id\":\"https:\\\/\\\/www.fondazionecsc.it\\\/en\\\/about-us\\\/our-history\\\/#primaryimage\"},\"image\":{\"@id\":\"https:\\\/\\\/www.fondazionecsc.it\\\/en\\\/about-us\\\/our-history\\\/#primaryimage\"},\"thumbnailUrl\":\"https:\\\/\\\/www.fondazionecsc.it\\\/wp-content\\\/uploads\\\/2020\\\/01\\\/A-lezione-di-danza-ieri-1954-Archivio-storico-CSC-Cineteca-Nazionale.jpg\",\"datePublished\":\"2019-11-12T05:25:17+00:00\",\"dateModified\":\"2025-01-14T10:47:33+00:00\",\"description\":\"The idea of creating a national school of cinematography dates back to 1930 and is due to the director Alessandro Blasetti.\",\"breadcrumb\":{\"@id\":\"https:\\\/\\\/www.fondazionecsc.it\\\/en\\\/about-us\\\/our-history\\\/#breadcrumb\"},\"inLanguage\":\"en-US\",\"potentialAction\":[{\"@type\":\"ReadAction\",\"target\":[\"https:\\\/\\\/www.fondazionecsc.it\\\/en\\\/about-us\\\/our-history\\\/\"]}]},{\"@type\":\"ImageObject\",\"inLanguage\":\"en-US\",\"@id\":\"https:\\\/\\\/www.fondazionecsc.it\\\/en\\\/about-us\\\/our-history\\\/#primaryimage\",\"url\":\"https:\\\/\\\/www.fondazionecsc.it\\\/wp-content\\\/uploads\\\/2020\\\/01\\\/A-lezione-di-danza-ieri-1954-Archivio-storico-CSC-Cineteca-Nazionale.jpg\",\"contentUrl\":\"https:\\\/\\\/www.fondazionecsc.it\\\/wp-content\\\/uploads\\\/2020\\\/01\\\/A-lezione-di-danza-ieri-1954-Archivio-storico-CSC-Cineteca-Nazionale.jpg\",\"width\":613,\"height\":484},{\"@type\":\"BreadcrumbList\",\"@id\":\"https:\\\/\\\/www.fondazionecsc.it\\\/en\\\/about-us\\\/our-history\\\/#breadcrumb\",\"itemListElement\":[{\"@type\":\"ListItem\",\"position\":1,\"name\":\"Home\",\"item\":\"https:\\\/\\\/www.fondazionecsc.it\\\/en\\\/\"},{\"@type\":\"ListItem\",\"position\":2,\"name\":\"About us\",\"item\":\"https:\\\/\\\/www.fondazionecsc.it\\\/en\\\/about-us\\\/\"},{\"@type\":\"ListItem\",\"position\":3,\"name\":\"Our history\"}]},{\"@type\":\"WebSite\",\"@id\":\"https:\\\/\\\/www.fondazionecsc.it\\\/en\\\/#website\",\"url\":\"https:\\\/\\\/www.fondazionecsc.it\\\/en\\\/\",\"name\":\"Centro Sperimentale di Cinematografia\",\"description\":\"\",\"potentialAction\":[{\"@type\":\"SearchAction\",\"target\":{\"@type\":\"EntryPoint\",\"urlTemplate\":\"https:\\\/\\\/www.fondazionecsc.it\\\/en\\\/?s={search_term_string}\"},\"query-input\":{\"@type\":\"PropertyValueSpecification\",\"valueRequired\":true,\"valueName\":\"search_term_string\"}}],\"inLanguage\":\"en-US\"}]}<\/script>\n<!-- \/ Yoast SEO plugin. -->","yoast_head_json":{"title":"Our history - Centro Sperimentale di Cinematografia","description":"The idea of creating a national school of cinematography dates back to 1930 and is due to the director Alessandro Blasetti.","robots":{"index":"index","follow":"follow","max-snippet":"max-snippet:-1","max-image-preview":"max-image-preview:large","max-video-preview":"max-video-preview:-1"},"canonical":"https:\/\/www.fondazionecsc.it\/en\/about-us\/our-history\/","og_locale":"en_US","og_type":"article","og_title":"Our history - Centro Sperimentale di Cinematografia","og_description":"The idea of creating a national school of cinematography dates back to 1930 and is due to the director Alessandro Blasetti.","og_url":"https:\/\/www.fondazionecsc.it\/en\/about-us\/our-history\/","og_site_name":"Centro Sperimentale di Cinematografia","article_modified_time":"2025-01-14T10:47:33+00:00","og_image":[{"width":613,"height":484,"url":"https:\/\/www.fondazionecsc.it\/wp-content\/uploads\/2020\/01\/A-lezione-di-danza-ieri-1954-Archivio-storico-CSC-Cineteca-Nazionale.jpg","type":"image\/jpeg"}],"twitter_card":"summary_large_image","twitter_misc":{"Est. reading time":"1 minute"},"schema":{"@context":"https:\/\/schema.org","@graph":[{"@type":"WebPage","@id":"https:\/\/www.fondazionecsc.it\/en\/about-us\/our-history\/","url":"https:\/\/www.fondazionecsc.it\/en\/about-us\/our-history\/","name":"Our history - Centro Sperimentale di Cinematografia","isPartOf":{"@id":"https:\/\/www.fondazionecsc.it\/en\/#website"},"primaryImageOfPage":{"@id":"https:\/\/www.fondazionecsc.it\/en\/about-us\/our-history\/#primaryimage"},"image":{"@id":"https:\/\/www.fondazionecsc.it\/en\/about-us\/our-history\/#primaryimage"},"thumbnailUrl":"https:\/\/www.fondazionecsc.it\/wp-content\/uploads\/2020\/01\/A-lezione-di-danza-ieri-1954-Archivio-storico-CSC-Cineteca-Nazionale.jpg","datePublished":"2019-11-12T05:25:17+00:00","dateModified":"2025-01-14T10:47:33+00:00","description":"The idea of creating a national school of cinematography dates back to 1930 and is due to the director Alessandro Blasetti.","breadcrumb":{"@id":"https:\/\/www.fondazionecsc.it\/en\/about-us\/our-history\/#breadcrumb"},"inLanguage":"en-US","potentialAction":[{"@type":"ReadAction","target":["https:\/\/www.fondazionecsc.it\/en\/about-us\/our-history\/"]}]},{"@type":"ImageObject","inLanguage":"en-US","@id":"https:\/\/www.fondazionecsc.it\/en\/about-us\/our-history\/#primaryimage","url":"https:\/\/www.fondazionecsc.it\/wp-content\/uploads\/2020\/01\/A-lezione-di-danza-ieri-1954-Archivio-storico-CSC-Cineteca-Nazionale.jpg","contentUrl":"https:\/\/www.fondazionecsc.it\/wp-content\/uploads\/2020\/01\/A-lezione-di-danza-ieri-1954-Archivio-storico-CSC-Cineteca-Nazionale.jpg","width":613,"height":484},{"@type":"BreadcrumbList","@id":"https:\/\/www.fondazionecsc.it\/en\/about-us\/our-history\/#breadcrumb","itemListElement":[{"@type":"ListItem","position":1,"name":"Home","item":"https:\/\/www.fondazionecsc.it\/en\/"},{"@type":"ListItem","position":2,"name":"About us","item":"https:\/\/www.fondazionecsc.it\/en\/about-us\/"},{"@type":"ListItem","position":3,"name":"Our history"}]},{"@type":"WebSite","@id":"https:\/\/www.fondazionecsc.it\/en\/#website","url":"https:\/\/www.fondazionecsc.it\/en\/","name":"Centro Sperimentale di Cinematografia","description":"","potentialAction":[{"@type":"SearchAction","target":{"@type":"EntryPoint","urlTemplate":"https:\/\/www.fondazionecsc.it\/en\/?s={search_term_string}"},"query-input":{"@type":"PropertyValueSpecification","valueRequired":true,"valueName":"search_term_string"}}],"inLanguage":"en-US"}]}},"_links":{"self":[{"href":"https:\/\/www.fondazionecsc.it\/en\/wp-json\/wp\/v2\/pages\/37972","targetHints":{"allow":["GET"]}}],"collection":[{"href":"https:\/\/www.fondazionecsc.it\/en\/wp-json\/wp\/v2\/pages"}],"about":[{"href":"https:\/\/www.fondazionecsc.it\/en\/wp-json\/wp\/v2\/types\/page"}],"author":[{"embeddable":true,"href":"https:\/\/www.fondazionecsc.it\/en\/wp-json\/wp\/v2\/users\/2"}],"replies":[{"embeddable":true,"href":"https:\/\/www.fondazionecsc.it\/en\/wp-json\/wp\/v2\/comments?post=37972"}],"version-history":[{"count":58,"href":"https:\/\/www.fondazionecsc.it\/en\/wp-json\/wp\/v2\/pages\/37972\/revisions"}],"predecessor-version":[{"id":144058,"href":"https:\/\/www.fondazionecsc.it\/en\/wp-json\/wp\/v2\/pages\/37972\/revisions\/144058"}],"up":[{"embeddable":true,"href":"https:\/\/www.fondazionecsc.it\/en\/wp-json\/wp\/v2\/pages\/37969"}],"wp:featuredmedia":[{"embeddable":true,"href":"https:\/\/www.fondazionecsc.it\/en\/wp-json\/wp\/v2\/media\/46512"}],"wp:attachment":[{"href":"https:\/\/www.fondazionecsc.it\/en\/wp-json\/wp\/v2\/media?parent=37972"}],"wp:term":[{"taxonomy":"settore","embeddable":true,"href":"https:\/\/www.fondazionecsc.it\/en\/wp-json\/wp\/v2\/settore?post=37972"}],"curies":[{"name":"wp","href":"https:\/\/api.w.org\/{rel}","templated":true}]}}